{"id":83,"date":"2020-09-17T15:42:32","date_gmt":"2020-09-17T13:42:32","guid":{"rendered":"https:\/\/mei.ms-dev.it\/?page_id=83"},"modified":"2022-03-10T12:02:52","modified_gmt":"2022-03-10T11:02:52","slug":"lucrari-marete-si-averi-remarcabile","status":"publish","type":"page","link":"https:\/\/www.museoemigrazioneitaliana.org\/ro\/il-lavoro\/opere-grandiose-e-fortune-cospicue\/","title":{"rendered":"Lucr\u0103ri m\u0103re\u021be \u0219i averi remarcabile"},"content":{"rendered":"<p>Un num\u0103r imens de emigran\u021bi italieni au participat la realizarea unor lucr\u0103ri publice colosale \u0219i numeroase au fost victimele accidentelor de munc\u0103. Tunelurile Frejus, Sf\u00e2ntul Gotthard \u0219i Simplon sau c\u0103ile ferate Transsiberian \u0219i Tonkin i-au v\u0103zut la lucru. Caracteristica locurilor de munc\u0103 \u00een sectorul construc\u021biilor era adesea temporar\u0103 \u0219i mi\u0219carea \u00een grupuri de lucru care cuprindeau diferite profesii: de la muncitori la tehnicieni. \u00cen schimb, o serie de emigran\u021bi au avut succes ca antreprenori.<\/p>\n<p>Economistul Luigi Einaudi a inventat fericita expresie \"prin\u021b negustor\" pentru a defini oamenii care, pornind adesea de la zero, au reu\u0219it s\u0103 exploateze toate oportunit\u0103\u021bile \u0219i s\u0103 ajung\u0103 \u00een pozi\u021bii de invidiat. Sectoarele \u00een care au ac\u021bionat erau diferite, dar erau anima\u021bi de un spirit de ini\u021biativ\u0103 identic.<\/p>\n<p>Acestea sunt pove\u0219tile unor oameni care, \u00een vitez\u0103, au trecut, ca s\u0103 spunem a\u0219a, de la s\u0103r\u0103cie la bog\u0103\u021bie \u0219i au dob\u00e2ndit prestigiu \u0219i satisfac\u021bie pozi\u021bion\u00e2ndu-se la cele mai \u00eenalte niveluri sociale \u00een \u021bara lor de adop\u021bie. Succesul lor a contribuit, de asemenea, la r\u0103sp\u00e2ndirea produselor italiene, \u00eencep\u00e2nd cu cele alimentare, \u00een \u00eentreaga lume.<\/p>\n<p>Un exemplu de succes poate fi dat: \u00een Brazilia, a existat povestea excep\u021bional\u0103 a lui Giuseppe Giorgi, care a trecut de la statutul de simplu muncitor la cel de constructor de c\u0103i ferate \u00een virtutea abilit\u0103\u021bilor sale tehnice \u0219i organizatorice; a reu\u0219it s\u0103 ob\u021bin\u0103 comenzi bune din partea administra\u021biei publice locale \u0219i s\u0103 p\u0103trund\u0103 \u00eentr-un sector extrem de profitabil care, trebuie subliniat, era deja ocupat \u0219i dominat de britanici.<\/p>\n\t\t\t\t\t<ul id=\"menu-il-lavoro\"><li id=\"menu-item-410\"><a href=\"https:\/\/www.museoemigrazioneitaliana.org\/ro\/munca\/\">Activitatea<\/a>\n<ul>\n\t<li id=\"menu-item-416\"><a href=\"https:\/\/www.museoemigrazioneitaliana.org\/ro\/munca\/pe-strada-vanzatorii-ambulanti-si-copiii\/\">Pe strad\u0103 v\u00e2nz\u0103tori ambulan\u021bi \u0219i copii<\/a><\/li>\n\t<li id=\"menu-item-411\"><a href=\"https:\/\/www.museoemigrazioneitaliana.org\/ro\/munca\/brate-puternice-si-munca-grea\/\">Bra\u021be puternice \u0219i munc\u0103 grea<\/a><\/li>\n\t<li id=\"menu-item-415\"><a href=\"https:\/\/www.museoemigrazioneitaliana.org\/ro\/munca\/lucrari-marete-si-averi-remarcabile\/\">Lucr\u0103ri m\u0103re\u021be \u0219i averi remarcabile<\/a><\/li>\n\t<li id=\"menu-item-413\"><a href=\"https:\/\/www.museoemigrazioneitaliana.org\/ro\/munca\/femei-fragile\/\">Femei \"fragile<\/a><\/li>\n\t<li id=\"menu-item-414\"><a href=\"https:\/\/www.museoemigrazioneitaliana.org\/ro\/munca\/magazine-si-magazine\/\">Magazine \u0219i magazine<\/a><\/li>\n\t<li id=\"menu-item-412\"><a href=\"https:\/\/www.museoemigrazioneitaliana.org\/ro\/munca\/de-la-scullions-la-maestri\/\">De la scullions la mae\u0219tri<\/a><\/li>\n<\/ul>\n<\/li>\n<\/ul>","protected":false},"excerpt":{"rendered":"<p>Alla realizzazione di colossali opere pubbliche partecip\u00f2 un numero immenso di emigrati italiani e numerose furono le vittime di incidenti sul lavoro. I trafori del Frejus, del San Gottardo, del Sempione o la ferrovia transiberiana e quella del Tonkino li videro all&#8217;opera. Caratteristica dell&#8217;impiego nel settore dell&#8217;edilizia fu spesso la temporaneit\u00e0 e il muoversi in [&hellip;]<\/p>\n","protected":false},"author":1,"featured_media":0,"parent":77,"menu_order":0,"comment_status":"closed","ping_status":"open","template":"","meta":{"_acf_changed":false,"site-sidebar-layout":"default","site-content-layout":"default","ast-site-content-layout":"default","site-content-style":"default","site-sidebar-style":"default","ast-global-header-display":"","ast-banner-title-visibility":"","ast-main-header-display":"","ast-hfb-above-header-display":"","ast-hfb-below-header-display":"","ast-hfb-mobile-header-display":"","site-post-title":"","ast-breadcrumbs-content":"","ast-featured-img":"","footer-sml-layout":"","ast-disable-related-posts":"","theme-transparent-header-meta":"default","adv-header-id-meta":"","stick-header-meta":"","header-above-stick-meta":"","header-main-stick-meta":"","header-below-stick-meta":"","astra-migrate-meta-layouts":"default","ast-page-background-enabled":"default","ast-page-background-meta":{"desktop":{"background-color":"","background-image":"","background-repeat":"repeat","background-position":"center center","background-size":"auto","background-attachment":"scroll","background-type":"","background-media":"","overlay-type":"","overlay-color":"","overlay-opacity":"","overlay-gradient":""},"tablet":{"background-color":"","background-image":"","background-repeat":"repeat","background-position":"center center","background-size":"auto","background-attachment":"scroll","background-type":"","background-media":"","overlay-type":"","overlay-color":"","overlay-opacity":"","overlay-gradient":""},"mobile":{"background-color":"","background-image":"","background-repeat":"repeat","background-position":"center center","background-size":"auto","background-attachment":"scroll","background-type":"","background-media":"","overlay-type":"","overlay-color":"","overlay-opacity":"","overlay-gradient":""}},"ast-content-background-meta":{"desktop":{"background-color":"var(--ast-global-color-5)","background-image":"","background-repeat":"repeat","background-position":"center center","background-size":"auto","background-attachment":"scroll","background-type":"","background-media":"","overlay-type":"","overlay-color":"","overlay-opacity":"","overlay-gradient":""},"tablet":{"background-color":"var(--ast-global-color-5)","background-image":"","background-repeat":"repeat","background-position":"center center","background-size":"auto","background-attachment":"scroll","background-type":"","background-media":"","overlay-type":"","overlay-color":"","overlay-opacity":"","overlay-gradient":""},"mobile":{"background-color":"var(--ast-global-color-5)","background-image":"","background-repeat":"repeat","background-position":"center center","background-size":"auto","background-attachment":"scroll","background-type":"","background-media":"","overlay-type":"","overlay-color":"","overlay-opacity":"","overlay-gradient":""}},"footnotes":""},"class_list":["post-83","page","type-page","status-publish","hentry"],"acf":[],"_links":{"self":[{"href":"https:\/\/www.museoemigrazioneitaliana.org\/ro\/wp-json\/wp\/v2\/pages\/83","targetHints":{"allow":["GET"]}}],"collection":[{"href":"https:\/\/www.museoemigrazioneitaliana.org\/ro\/wp-json\/wp\/v2\/pages"}],"about":[{"href":"https:\/\/www.museoemigrazioneitaliana.org\/ro\/wp-json\/wp\/v2\/types\/page"}],"author":[{"embeddable":true,"href":"https:\/\/www.museoemigrazioneitaliana.org\/ro\/wp-json\/wp\/v2\/users\/1"}],"replies":[{"embeddable":true,"href":"https:\/\/www.museoemigrazioneitaliana.org\/ro\/wp-json\/wp\/v2\/comments?post=83"}],"version-history":[{"count":2,"href":"https:\/\/www.museoemigrazioneitaliana.org\/ro\/wp-json\/wp\/v2\/pages\/83\/revisions"}],"predecessor-version":[{"id":3193,"href":"https:\/\/www.museoemigrazioneitaliana.org\/ro\/wp-json\/wp\/v2\/pages\/83\/revisions\/3193"}],"up":[{"embeddable":true,"href":"https:\/\/www.museoemigrazioneitaliana.org\/ro\/wp-json\/wp\/v2\/pages\/77"}],"wp:attachment":[{"href":"https:\/\/www.museoemigrazioneitaliana.org\/ro\/wp-json\/wp\/v2\/media?parent=83"}],"curies":[{"name":"wp","href":"https:\/\/api.w.org\/{rel}","templated":true}]}}