{"id":77,"date":"2020-09-17T15:41:40","date_gmt":"2020-09-17T13:41:40","guid":{"rendered":"https:\/\/mei.ms-dev.it\/?page_id=77"},"modified":"2022-03-10T11:52:48","modified_gmt":"2022-03-10T10:52:48","slug":"munca","status":"publish","type":"page","link":"https:\/\/www.museoemigrazioneitaliana.org\/ro\/il-lavoro\/","title":{"rendered":"Activitatea"},"content":{"rendered":"<p>Emigra\u021bia italian\u0103 a avut mai multe fe\u021be \u0219i s-a caracterizat, de asemenea, prin exportul de \u00eenalt\u0103 calificare \u00een \u00eentreaga lume. Capitalul emigran\u021bilor a fost munca \u00eenso\u021bit\u0103, \u00eentotdeauna, de o serie de resurse nemateriale: determinarea de a munci \u00een orice caz \u0219i \u00een orice condi\u021bii; perseveren\u021ba chiar \u0219i \u00een fa\u021ba unor obstacole mari; inventivitatea care, uneori, a dus la ob\u021binerea unor rezultate deosebite at\u00e2t pe plan social, c\u00e2t \u0219i economic.<\/p>\n\t\t\t\t<img decoding=\"async\" src=\"https:\/\/www.museoemigrazioneitaliana.org\/wp-content\/uploads\/2021\/01\/WatermarkedImage-lavorocommemorazione.jpg\" alt=\"\" itemprop=\"image\" onerror=\"this.style.display='none'\"  \/>\n\t<iframe loading=\"lazy\" title=\"LUCRAREA - Emigra\u021bia italian\u0103\" width=\"500\" height=\"281\" src=\"https:\/\/www.youtube.com\/embed\/WI9ov2dZC5Y?feature=oembed\" frameborder=\"0\" allow=\"accelerometer; autoplay; clipboard-write; encrypted-media; gyroscope; picture-in-picture\" allowfullscreen><\/iframe>\n\t\t\t\t\t<ul id=\"menu-il-lavoro\"><li id=\"menu-item-410\"><a href=\"https:\/\/www.museoemigrazioneitaliana.org\/ro\/munca\/\">Activitatea<\/a>\n<ul>\n\t<li id=\"menu-item-416\"><a href=\"https:\/\/www.museoemigrazioneitaliana.org\/ro\/munca\/pe-strada-vanzatorii-ambulanti-si-copiii\/\">Pe strad\u0103 v\u00e2nz\u0103tori ambulan\u021bi \u0219i copii<\/a><\/li>\n\t<li id=\"menu-item-411\"><a href=\"https:\/\/www.museoemigrazioneitaliana.org\/ro\/munca\/brate-puternice-si-munca-grea\/\">Bra\u021be puternice \u0219i munc\u0103 grea<\/a><\/li>\n\t<li id=\"menu-item-415\"><a href=\"https:\/\/www.museoemigrazioneitaliana.org\/ro\/munca\/lucrari-marete-si-averi-remarcabile\/\">Lucr\u0103ri m\u0103re\u021be \u0219i averi remarcabile<\/a><\/li>\n\t<li id=\"menu-item-413\"><a href=\"https:\/\/www.museoemigrazioneitaliana.org\/ro\/munca\/femei-fragile\/\">Femei \"fragile<\/a><\/li>\n\t<li id=\"menu-item-414\"><a href=\"https:\/\/www.museoemigrazioneitaliana.org\/ro\/munca\/magazine-si-magazine\/\">Magazine \u0219i magazine<\/a><\/li>\n\t<li id=\"menu-item-412\"><a href=\"https:\/\/www.museoemigrazioneitaliana.org\/ro\/munca\/de-la-scullions-la-maestri\/\">De la scullions la mae\u0219tri<\/a><\/li>\n<\/ul>\n<\/li>\n<\/ul>","protected":false},"excerpt":{"rendered":"<p>L&#8217;emigrazione italiana ha avuto molte facce e si \u00e8 caratterizzata anche per aver esportato in tutto il mondo alte competenze di mestiere. Il capitale degli emigranti \u00e8 stato il lavoro accompagnato, sempre, da una serie di risorse non materiali: determinazione a lavorare comunque e in qualsiasi condizione; perseveranza anche di fronte a grandi ostacoli; inventiva [&hellip;]<\/p>\n","protected":false},"author":1,"featured_media":0,"parent":0,"menu_order":0,"comment_status":"closed","ping_status":"open","template":"","meta":{"_acf_changed":false,"site-sidebar-layout":"default","site-content-layout":"default","ast-site-content-layout":"default","site-content-style":"default","site-sidebar-style":"default","ast-global-header-display":"","ast-banner-title-visibility":"","ast-main-header-display":"","ast-hfb-above-header-display":"","ast-hfb-below-header-display":"","ast-hfb-mobile-header-display":"","site-post-title":"","ast-breadcrumbs-content":"","ast-featured-img":"","footer-sml-layout":"","ast-disable-related-posts":"","theme-transparent-header-meta":"default","adv-header-id-meta":"","stick-header-meta":"","header-above-stick-meta":"","header-main-stick-meta":"","header-below-stick-meta":"","astra-migrate-meta-layouts":"default","ast-page-background-enabled":"default","ast-page-background-meta":{"desktop":{"background-color":"","background-image":"","background-repeat":"repeat","background-position":"center center","background-size":"auto","background-attachment":"scroll","background-type":"","background-media":"","overlay-type":"","overlay-color":"","overlay-opacity":"","overlay-gradient":""},"tablet":{"background-color":"","background-image":"","background-repeat":"repeat","background-position":"center center","background-size":"auto","background-attachment":"scroll","background-type":"","background-media":"","overlay-type":"","overlay-color":"","overlay-opacity":"","overlay-gradient":""},"mobile":{"background-color":"","background-image":"","background-repeat":"repeat","background-position":"center center","background-size":"auto","background-attachment":"scroll","background-type":"","background-media":"","overlay-type":"","overlay-color":"","overlay-opacity":"","overlay-gradient":""}},"ast-content-background-meta":{"desktop":{"background-color":"var(--ast-global-color-5)","background-image":"","background-repeat":"repeat","background-position":"center center","background-size":"auto","background-attachment":"scroll","background-type":"","background-media":"","overlay-type":"","overlay-color":"","overlay-opacity":"","overlay-gradient":""},"tablet":{"background-color":"var(--ast-global-color-5)","background-image":"","background-repeat":"repeat","background-position":"center center","background-size":"auto","background-attachment":"scroll","background-type":"","background-media":"","overlay-type":"","overlay-color":"","overlay-opacity":"","overlay-gradient":""},"mobile":{"background-color":"var(--ast-global-color-5)","background-image":"","background-repeat":"repeat","background-position":"center center","background-size":"auto","background-attachment":"scroll","background-type":"","background-media":"","overlay-type":"","overlay-color":"","overlay-opacity":"","overlay-gradient":""}},"footnotes":""},"class_list":["post-77","page","type-page","status-publish","hentry"],"acf":[],"_links":{"self":[{"href":"https:\/\/www.museoemigrazioneitaliana.org\/ro\/wp-json\/wp\/v2\/pages\/77","targetHints":{"allow":["GET"]}}],"collection":[{"href":"https:\/\/www.museoemigrazioneitaliana.org\/ro\/wp-json\/wp\/v2\/pages"}],"about":[{"href":"https:\/\/www.museoemigrazioneitaliana.org\/ro\/wp-json\/wp\/v2\/types\/page"}],"author":[{"embeddable":true,"href":"https:\/\/www.museoemigrazioneitaliana.org\/ro\/wp-json\/wp\/v2\/users\/1"}],"replies":[{"embeddable":true,"href":"https:\/\/www.museoemigrazioneitaliana.org\/ro\/wp-json\/wp\/v2\/comments?post=77"}],"version-history":[{"count":2,"href":"https:\/\/www.museoemigrazioneitaliana.org\/ro\/wp-json\/wp\/v2\/pages\/77\/revisions"}],"predecessor-version":[{"id":3187,"href":"https:\/\/www.museoemigrazioneitaliana.org\/ro\/wp-json\/wp\/v2\/pages\/77\/revisions\/3187"}],"wp:attachment":[{"href":"https:\/\/www.museoemigrazioneitaliana.org\/ro\/wp-json\/wp\/v2\/media?parent=77"}],"curies":[{"name":"wp","href":"https:\/\/api.w.org\/{rel}","templated":true}]}}