{"id":61,"date":"2020-09-17T15:38:41","date_gmt":"2020-09-17T13:38:41","guid":{"rendered":"https:\/\/mei.ms-dev.it\/?page_id=61"},"modified":"2022-03-10T10:48:19","modified_gmt":"2022-03-10T09:48:19","slug":"pe-nava","status":"publish","type":"page","link":"https:\/\/www.museoemigrazioneitaliana.org\/ro\/il-viaggio\/in-nave\/","title":{"rendered":"Pe nav\u0103"},"content":{"rendered":"<p>Cel pu\u021bin p\u00e2n\u0103 la sf\u00e2r\u0219itul secolului al XIX-lea, armatorii italieni au transportat emigran\u021bii cu o flot\u0103 \u00eenvechit\u0103 de nave cu vele, numite pe bun\u0103 dreptate \"navele lui Laz\u0103r\". C\u0103l\u0103toria, care, chiar \u0219i \u00een primii ani ai secolului trecut, putea dura p\u00e2n\u0103 la o lun\u0103, se f\u0103cea \u00een condi\u021bii de trai care sunt de neimaginat ast\u0103zi. Cea mai grav\u0103 situa\u021bie era cea a caz\u0103rii.<\/p>\n<p>Paturile, toate situate \u00een partea inferioar\u0103 a navei, d\u0103deau spre coridoare care, \u00een mare parte, primeau aer doar de la trape. Nu exista literalmente niciun spa\u021biu de locuit \u00een ele. \u00cen consecin\u021b\u0103, diminea\u021ba, indiferent de vreme, toat\u0103 lumea era obligat\u0103 s\u0103 se mute pe pun\u021bi: bolile - pulmonare \u0219i intestinale \u00een special - erau la ordinea zilei, iar mortalitatea era, de asemenea, ridicat\u0103.<\/p>\n<p>Odat\u0103 cu construc\u021bia vapoarelor mari de croazier\u0103 \u00een anii 1920, care transportau \u00eenc\u0103 un num\u0103r mare de emigran\u021bi, durata c\u0103l\u0103toriei \u0219i condi\u021biile de via\u021b\u0103 la bord s-au \u00eembun\u0103t\u0103\u021bit considerabil.<\/p>\n\t\t\t\t\t<ul id=\"menu-il-viaggio\"><li id=\"menu-item-398\"><a href=\"https:\/\/www.museoemigrazioneitaliana.org\/ro\/calatoria\/\">C\u0103l\u0103toria<\/a>\n<ul>\n\t<li id=\"menu-item-399\"><a href=\"https:\/\/www.museoemigrazioneitaliana.org\/ro\/calatoria\/in-asteptarea-plecarii\/\">A\u0219teptarea plec\u0103rii<\/a><\/li>\n\t<li id=\"menu-item-401\"><a href=\"https:\/\/www.museoemigrazioneitaliana.org\/ro\/calatoria\/cu-trenul\/\">Cu trenul<\/a><\/li>\n\t<li id=\"menu-item-400\"><a href=\"https:\/\/www.museoemigrazioneitaliana.org\/ro\/calatoria\/pe-nava\/\">Pe nav\u0103<\/a><\/li>\n\t<li id=\"menu-item-402\"><a href=\"https:\/\/www.museoemigrazioneitaliana.org\/ro\/calatoria\/unitati-de-ingrijire\/\">Centre de \u00eengrijire<\/a><\/li>\n<\/ul>\n<\/li>\n<\/ul>","protected":false},"excerpt":{"rendered":"<p>Almeno sino alla fine dell&#8217;Ottocento, gli armatori italiani effettuarono il trasporto degli emigranti con una flotta obsoleta di velieri che furono, a ragione, chiamati &#8220;le navi di Lazzaro&#8221;. Il viaggio che, ancora nei primi anni dello scorso secolo, poteva durare anche un mese si compiva in condizioni di vita oggi inimmaginabili. La situazione peggiore era [&hellip;]<\/p>\n","protected":false},"author":1,"featured_media":0,"parent":53,"menu_order":0,"comment_status":"closed","ping_status":"open","template":"","meta":{"_acf_changed":false,"site-sidebar-layout":"default","site-content-layout":"default","ast-site-content-layout":"default","site-content-style":"default","site-sidebar-style":"default","ast-global-header-display":"","ast-banner-title-visibility":"","ast-main-header-display":"","ast-hfb-above-header-display":"","ast-hfb-below-header-display":"","ast-hfb-mobile-header-display":"","site-post-title":"","ast-breadcrumbs-content":"","ast-featured-img":"","footer-sml-layout":"","ast-disable-related-posts":"","theme-transparent-header-meta":"default","adv-header-id-meta":"","stick-header-meta":"","header-above-stick-meta":"","header-main-stick-meta":"","header-below-stick-meta":"","astra-migrate-meta-layouts":"default","ast-page-background-enabled":"default","ast-page-background-meta":{"desktop":{"background-color":"","background-image":"","background-repeat":"repeat","background-position":"center center","background-size":"auto","background-attachment":"scroll","background-type":"","background-media":"","overlay-type":"","overlay-color":"","overlay-opacity":"","overlay-gradient":""},"tablet":{"background-color":"","background-image":"","background-repeat":"repeat","background-position":"center center","background-size":"auto","background-attachment":"scroll","background-type":"","background-media":"","overlay-type":"","overlay-color":"","overlay-opacity":"","overlay-gradient":""},"mobile":{"background-color":"","background-image":"","background-repeat":"repeat","background-position":"center center","background-size":"auto","background-attachment":"scroll","background-type":"","background-media":"","overlay-type":"","overlay-color":"","overlay-opacity":"","overlay-gradient":""}},"ast-content-background-meta":{"desktop":{"background-color":"var(--ast-global-color-5)","background-image":"","background-repeat":"repeat","background-position":"center center","background-size":"auto","background-attachment":"scroll","background-type":"","background-media":"","overlay-type":"","overlay-color":"","overlay-opacity":"","overlay-gradient":""},"tablet":{"background-color":"var(--ast-global-color-5)","background-image":"","background-repeat":"repeat","background-position":"center center","background-size":"auto","background-attachment":"scroll","background-type":"","background-media":"","overlay-type":"","overlay-color":"","overlay-opacity":"","overlay-gradient":""},"mobile":{"background-color":"var(--ast-global-color-5)","background-image":"","background-repeat":"repeat","background-position":"center center","background-size":"auto","background-attachment":"scroll","background-type":"","background-media":"","overlay-type":"","overlay-color":"","overlay-opacity":"","overlay-gradient":""}},"footnotes":""},"class_list":["post-61","page","type-page","status-publish","hentry"],"acf":[],"_links":{"self":[{"href":"https:\/\/www.museoemigrazioneitaliana.org\/ro\/wp-json\/wp\/v2\/pages\/61","targetHints":{"allow":["GET"]}}],"collection":[{"href":"https:\/\/www.museoemigrazioneitaliana.org\/ro\/wp-json\/wp\/v2\/pages"}],"about":[{"href":"https:\/\/www.museoemigrazioneitaliana.org\/ro\/wp-json\/wp\/v2\/types\/page"}],"author":[{"embeddable":true,"href":"https:\/\/www.museoemigrazioneitaliana.org\/ro\/wp-json\/wp\/v2\/users\/1"}],"replies":[{"embeddable":true,"href":"https:\/\/www.museoemigrazioneitaliana.org\/ro\/wp-json\/wp\/v2\/comments?post=61"}],"version-history":[{"count":2,"href":"https:\/\/www.museoemigrazioneitaliana.org\/ro\/wp-json\/wp\/v2\/pages\/61\/revisions"}],"predecessor-version":[{"id":3168,"href":"https:\/\/www.museoemigrazioneitaliana.org\/ro\/wp-json\/wp\/v2\/pages\/61\/revisions\/3168"}],"up":[{"embeddable":true,"href":"https:\/\/www.museoemigrazioneitaliana.org\/ro\/wp-json\/wp\/v2\/pages\/53"}],"wp:attachment":[{"href":"https:\/\/www.museoemigrazioneitaliana.org\/ro\/wp-json\/wp\/v2\/media?parent=61"}],"curies":[{"name":"wp","href":"https:\/\/api.w.org\/{rel}","templated":true}]}}