{"id":49,"date":"2020-09-17T15:36:14","date_gmt":"2020-09-17T13:36:14","guid":{"rendered":"https:\/\/mei.ms-dev.it\/?page_id=49"},"modified":"2022-01-30T17:16:05","modified_gmt":"2022-01-30T16:16:05","slug":"ghiduri-pentru-emigranti","status":"publish","type":"page","link":"https:\/\/www.museoemigrazioneitaliana.org\/ro\/dallitalia-nel-mondo\/le-guide-per-gli-emigranti\/","title":{"rendered":"Ghiduri pentru emigran\u021bi"},"content":{"rendered":"<p>Decizia de a pleca a fost luat\u0103 adesea la apelul rudelor sau prietenilor din str\u0103in\u0103tate \u0219i, de asemenea, a g\u0103sit alinare \u00een \"ghidurile pentru emigran\u021bi\" foarte des elaborate de \u021b\u0103rile care doreau s\u0103 atrag\u0103 for\u021b\u0103 de munc\u0103 din Europa. Acestea prezentau imagini ale paradisului pe p\u0103m\u00e2nt: c\u00e2mpii nelimitate cu vegeta\u021bie exuberant\u0103, case \u00eengrijite, cartiere urbane ordonate.<\/p>\n<p>Aceste vise pe h\u00e2rtie erau afi\u0219ate f\u0103r\u0103 scrupule de agen\u021biile de turism \u0219i de agen\u021bii companiilor de transport maritim pentru a-i convinge pe cei nehot\u0103r\u00e2\u021bi s\u0103 plece. Prin urmare, se poate vorbi de o adev\u0103rat\u0103 \"p\u00e2rghie migratorie\" realizat\u0103 cu acest sistem un pic peste tot \u00een Italia.<\/p>\n\t\t\t\t<a href=\"https:\/\/www.museoemigrazioneitaliana.org\/wp-content\/uploads\/2020\/09\/SetWidth460-guide01.jpg\" data-fancybox=\"images\" title=\"SetWidth460-guide01\" data-description=\"\" itemprop=\"contentUrl\">\n\t\t<img decoding=\"async\" src=\"https:\/\/www.museoemigrazioneitaliana.org\/wp-content\/uploads\/2020\/09\/SetWidth460-guide01.jpg\" alt=\"\" data-no-lazy=\"1\" itemprop=\"thumbnail\">\n\t\t\t<!-- Overlay Wrapper -->\n\t\t\t <!-- Overlay Wrapper Closed -->\n\t\t\t\t<\/a>\n\t\t\t\t\t\t\t<meta itemprop=\"width\" content=\"300\">\n\t\t\t<meta itemprop=\"height\" content=\"423\">\n\t\t Coperta unui ghid pentru emigran\u021bi publicat la S\u00e3o Paulo, 1886\n\t\t\t\t<a href=\"https:\/\/www.museoemigrazioneitaliana.org\/wp-content\/uploads\/2020\/09\/guide02.jpg\" data-fancybox=\"images\" title=\"ghiduri02\" data-description=\"\" itemprop=\"contentUrl\">\n\t\t<img decoding=\"async\" src=\"https:\/\/www.museoemigrazioneitaliana.org\/wp-content\/uploads\/2020\/09\/guide02.jpg\" alt=\"\" data-no-lazy=\"1\" itemprop=\"thumbnail\">\n\t\t\t<!-- Overlay Wrapper -->\n\t\t\t <!-- Overlay Wrapper Closed -->\n\t\t\t\t<\/a>\n\t\t\t\t\t\t\t<meta itemprop=\"width\" content=\"337\">\n\t\t\t<meta itemprop=\"height\" content=\"500\">\n\t\tCoperta unui ghid pentru Argentina\n\t\t\t\t<a href=\"https:\/\/www.museoemigrazioneitaliana.org\/wp-content\/uploads\/2021\/05\/6825-333x500-1.jpg\" data-fancybox=\"images\" title=\"6825 (333x500)\" data-description=\"\" itemprop=\"contentUrl\">\n\t\t<img decoding=\"async\" src=\"https:\/\/www.museoemigrazioneitaliana.org\/wp-content\/uploads\/2021\/05\/6825-333x500-1.jpg\" alt=\"\" data-no-lazy=\"1\" itemprop=\"thumbnail\">\n\t\t\t<!-- Overlay Wrapper -->\n\t\t\t <!-- Overlay Wrapper Closed -->\n\t\t\t\t<\/a>\n\t\t\t\t\t\t\t<meta itemprop=\"width\" content=\"333\">\n\t\t\t<meta itemprop=\"height\" content=\"500\">\n\t\tCoperta unui ghid pentru Argentina\n\t\t\t\t\t<ul id=\"menu-dallitalia-nel-mondo\"><li id=\"menu-item-221\"><a href=\"https:\/\/www.museoemigrazioneitaliana.org\/ro\/din-italia-in-lume\/\">Din Italia \u00een lume<\/a>\n<ul>\n\t<li id=\"menu-item-224\"><a href=\"https:\/\/www.museoemigrazioneitaliana.org\/ro\/din-italia-in-lume\/cauzele-plecarii\/\">Cauzele plec\u0103rii<\/a><\/li>\n\t<li id=\"menu-item-223\"><a href=\"https:\/\/www.museoemigrazioneitaliana.org\/ro\/din-italia-in-lume\/documente-pentru-a-pleca\/\">Documente pentru plecare<\/a><\/li>\n\t<li id=\"menu-item-222\"><a href=\"https:\/\/www.museoemigrazioneitaliana.org\/ro\/din-italia-in-lume\/agenti-de-demigrare\/\">Agen\u021bi de emigrare<\/a><\/li>\n\t<li id=\"menu-item-225\"><a href=\"https:\/\/www.museoemigrazioneitaliana.org\/ro\/din-italia-in-lume\/ghiduri-pentru-emigranti\/\">Ghiduri pentru emigran\u021bi<\/a><\/li>\n\t<li id=\"menu-item-226\"><a href=\"https:\/\/www.museoemigrazioneitaliana.org\/ro\/din-italia-in-lume\/pentru-lemigrant\/\">Pentru emigrant<\/a><\/li>\n<\/ul>\n<\/li>\n<\/ul>","protected":false},"excerpt":{"rendered":"<p>La decisione di partire veniva spesso presa su richiamo dall&#8217;estero di parenti o amici e trovava conforto anche nelle &#8220;guide per gli emigranti&#8221; molto spesso prodotte dai paesi che volevano attrarre manodopera dall&#8217;Europa. Esse mostravano immagini da paradiso terrestre: sconfinate pianure dall&#8217;esuberante vegetazione, case linde, ordinati quartieri cittadini. Questi sogni su carta venivano esibiti con [&hellip;]<\/p>\n","protected":false},"author":1,"featured_media":0,"parent":40,"menu_order":0,"comment_status":"closed","ping_status":"open","template":"","meta":{"_acf_changed":false,"site-sidebar-layout":"default","site-content-layout":"default","ast-site-content-layout":"default","site-content-style":"default","site-sidebar-style":"default","ast-global-header-display":"","ast-banner-title-visibility":"","ast-main-header-display":"","ast-hfb-above-header-display":"","ast-hfb-below-header-display":"","ast-hfb-mobile-header-display":"","site-post-title":"","ast-breadcrumbs-content":"","ast-featured-img":"","footer-sml-layout":"","ast-disable-related-posts":"","theme-transparent-header-meta":"default","adv-header-id-meta":"","stick-header-meta":"","header-above-stick-meta":"","header-main-stick-meta":"","header-below-stick-meta":"","astra-migrate-meta-layouts":"default","ast-page-background-enabled":"default","ast-page-background-meta":{"desktop":{"background-color":"","background-image":"","background-repeat":"repeat","background-position":"center center","background-size":"auto","background-attachment":"scroll","background-type":"","background-media":"","overlay-type":"","overlay-color":"","overlay-opacity":"","overlay-gradient":""},"tablet":{"background-color":"","background-image":"","background-repeat":"repeat","background-position":"center center","background-size":"auto","background-attachment":"scroll","background-type":"","background-media":"","overlay-type":"","overlay-color":"","overlay-opacity":"","overlay-gradient":""},"mobile":{"background-color":"","background-image":"","background-repeat":"repeat","background-position":"center center","background-size":"auto","background-attachment":"scroll","background-type":"","background-media":"","overlay-type":"","overlay-color":"","overlay-opacity":"","overlay-gradient":""}},"ast-content-background-meta":{"desktop":{"background-color":"var(--ast-global-color-5)","background-image":"","background-repeat":"repeat","background-position":"center center","background-size":"auto","background-attachment":"scroll","background-type":"","background-media":"","overlay-type":"","overlay-color":"","overlay-opacity":"","overlay-gradient":""},"tablet":{"background-color":"var(--ast-global-color-5)","background-image":"","background-repeat":"repeat","background-position":"center center","background-size":"auto","background-attachment":"scroll","background-type":"","background-media":"","overlay-type":"","overlay-color":"","overlay-opacity":"","overlay-gradient":""},"mobile":{"background-color":"var(--ast-global-color-5)","background-image":"","background-repeat":"repeat","background-position":"center center","background-size":"auto","background-attachment":"scroll","background-type":"","background-media":"","overlay-type":"","overlay-color":"","overlay-opacity":"","overlay-gradient":""}},"footnotes":""},"class_list":["post-49","page","type-page","status-publish","hentry"],"acf":[],"_links":{"self":[{"href":"https:\/\/www.museoemigrazioneitaliana.org\/ro\/wp-json\/wp\/v2\/pages\/49","targetHints":{"allow":["GET"]}}],"collection":[{"href":"https:\/\/www.museoemigrazioneitaliana.org\/ro\/wp-json\/wp\/v2\/pages"}],"about":[{"href":"https:\/\/www.museoemigrazioneitaliana.org\/ro\/wp-json\/wp\/v2\/types\/page"}],"author":[{"embeddable":true,"href":"https:\/\/www.museoemigrazioneitaliana.org\/ro\/wp-json\/wp\/v2\/users\/1"}],"replies":[{"embeddable":true,"href":"https:\/\/www.museoemigrazioneitaliana.org\/ro\/wp-json\/wp\/v2\/comments?post=49"}],"version-history":[{"count":2,"href":"https:\/\/www.museoemigrazioneitaliana.org\/ro\/wp-json\/wp\/v2\/pages\/49\/revisions"}],"predecessor-version":[{"id":2184,"href":"https:\/\/www.museoemigrazioneitaliana.org\/ro\/wp-json\/wp\/v2\/pages\/49\/revisions\/2184"}],"up":[{"embeddable":true,"href":"https:\/\/www.museoemigrazioneitaliana.org\/ro\/wp-json\/wp\/v2\/pages\/40"}],"wp:attachment":[{"href":"https:\/\/www.museoemigrazioneitaliana.org\/ro\/wp-json\/wp\/v2\/media?parent=49"}],"curies":[{"name":"wp","href":"https:\/\/api.w.org\/{rel}","templated":true}]}}