{"id":81,"date":"2020-09-17T15:42:15","date_gmt":"2020-09-17T13:42:15","guid":{"rendered":"https:\/\/mei.ms-dev.it\/?page_id=81"},"modified":"2022-03-10T12:01:57","modified_gmt":"2022-03-10T11:01:57","slug":"bracos-fortes-e-trabalho-pesado","status":"publish","type":"page","link":"https:\/\/www.museoemigrazioneitaliana.org\/pt\/il-lavoro\/braccia-robuste-e-lavori-pesanti\/","title":{"rendered":"Bra\u00e7os fortes e trabalho pesado"},"content":{"rendered":"<p>Os emigrantes, na sua maioria camponeses, tamb\u00e9m se dedicavam ao trabalho agr\u00edcola no estrangeiro - mas apenas se fossem obrigados -, participavam na desfloresta\u00e7\u00e3o ou na recupera\u00e7\u00e3o de terras incultas, empregavam-se como trabalhadores n\u00e3o qualificados na constru\u00e7\u00e3o das grandes vias de comunica\u00e7\u00e3o, dos caminhos-de-ferro, dos maiores projectos de constru\u00e7\u00e3o e, finalmente, no trabalho pesado das minas. O historiador Rudolph Vecoli escreve sobre eles que acabaram \"com uma p\u00e1 e uma picareta\".<\/p>\n<p>Sabe-se que cerca de metade de todos os emigrantes regressaram definitivamente a It\u00e1lia. Se nos referirmos, por exemplo, aos Estados Unidos, a \"campanha de emigra\u00e7\u00e3o\" de cinquenta por cento dos homens que partiram durou apenas alguns anos.<\/p>\n<p>A sua escolha tinha quase sempre as seguintes caracter\u00edsticas: recusa em conhecer o pa\u00eds de chegada e, por conseguinte, nenhuma integra\u00e7\u00e3o e um conhecimento m\u00ednimo da l\u00edngua; poupar o mais poss\u00edvel e no mais curto espa\u00e7o de tempo para apressar o regresso; aceitar, em consequ\u00eancia, n\u00e3o s\u00f3 uma carga de trabalho exagerada, mas tamb\u00e9m um n\u00edvel de vida que chamar-lhe espartano \u00e9 um eufemismo. Naturalmente, muitos repetiram estas estadias v\u00e1rias vezes, facilitadas pelas melhores condi\u00e7\u00f5es de viagem, tamb\u00e9m em termos do tempo necess\u00e1rio para a travessia.<\/p>\n<p>A zona de origem conduziu a certas profiss\u00f5es. Tomando como exemplo o \u00eaxodo para a Austr\u00e1lia, verifica-se que os emigrantes das zonas montanhosas se dedicaram \u00e0 explora\u00e7\u00e3o madeireira ou ao corte de cana-de-a\u00e7\u00facar na Austr\u00e1lia Ocidental; os das zonas de plan\u00edcie dedicaram-se \u00e0 agricultura ou entraram no sector dos servi\u00e7os.<\/p>\n<p>Uma \"voca\u00e7\u00e3o\" precisa na escolha das rotas migrat\u00f3rias pode tamb\u00e9m ser observada na Europa: a dire\u00e7\u00e3o do fluxo apontava para pa\u00edses ocidentais ou orientais, em fun\u00e7\u00e3o da posi\u00e7\u00e3o geogr\u00e1fica das regi\u00f5es de origem: do Piemonte dirigiam-se para Fran\u00e7a e do Veneto para o Imp\u00e9rio Austro-H\u00fangaro.<\/p>\n\t\t\t\t\t<ul id=\"menu-il-lavoro\"><li id=\"menu-item-410\"><a href=\"https:\/\/www.museoemigrazioneitaliana.org\/pt\/trabalho\/\">O trabalho<\/a>\n<ul>\n\t<li id=\"menu-item-416\"><a href=\"https:\/\/www.museoemigrazioneitaliana.org\/pt\/trabalho\/nos-vendedores-ambulantes-e-nas-criancas\/\">Na rua, vendedores ambulantes e crian\u00e7as<\/a><\/li>\n\t<li id=\"menu-item-411\"><a href=\"https:\/\/www.museoemigrazioneitaliana.org\/pt\/trabalho\/bracos-fortes-e-trabalho-pesado\/\">Bra\u00e7os fortes e trabalho pesado<\/a><\/li>\n\t<li id=\"menu-item-415\"><a href=\"https:\/\/www.museoemigrazioneitaliana.org\/pt\/trabalho\/grandes-obras-e-fortunas-conspicuas\/\">Grandes obras e fortunas not\u00e1veis<\/a><\/li>\n\t<li id=\"menu-item-413\"><a href=\"https:\/\/www.museoemigrazioneitaliana.org\/pt\/trabalho\/mulheres-frageis\/\">Mulheres \"fr\u00e1geis<\/a><\/li>\n\t<li id=\"menu-item-414\"><a href=\"https:\/\/www.museoemigrazioneitaliana.org\/pt\/trabalho\/lojas-e-lojas\/\">Lojas e estabelecimentos comerciais<\/a><\/li>\n\t<li id=\"menu-item-412\"><a href=\"https:\/\/www.museoemigrazioneitaliana.org\/pt\/trabalho\/de-escultores-a-mestres\/\">De escultores a mestres<\/a><\/li>\n<\/ul>\n<\/li>\n<\/ul>","protected":false},"excerpt":{"rendered":"<p>Gli emigranti, in gran parte contadini, si impegnarono anche all&#8217;estero &#8211; ma soltanto se costretti &#8211; nei lavori agricoli, parteciparono al disboscamento o alla bonifica di terreni incolti, si impiegarono, come manodopera non qualificata, nella realizzazione delle grandi vie di comunicazione, delle ferrovie, delle pi\u00f9 grandiose opere edilizie e, infine, nel pesante lavoro delle miniere. [&hellip;]<\/p>\n","protected":false},"author":1,"featured_media":0,"parent":77,"menu_order":0,"comment_status":"closed","ping_status":"open","template":"","meta":{"_acf_changed":false,"site-sidebar-layout":"default","site-content-layout":"default","ast-site-content-layout":"default","site-content-style":"default","site-sidebar-style":"default","ast-global-header-display":"","ast-banner-title-visibility":"","ast-main-header-display":"","ast-hfb-above-header-display":"","ast-hfb-below-header-display":"","ast-hfb-mobile-header-display":"","site-post-title":"","ast-breadcrumbs-content":"","ast-featured-img":"","footer-sml-layout":"","ast-disable-related-posts":"","theme-transparent-header-meta":"default","adv-header-id-meta":"","stick-header-meta":"","header-above-stick-meta":"","header-main-stick-meta":"","header-below-stick-meta":"","astra-migrate-meta-layouts":"default","ast-page-background-enabled":"default","ast-page-background-meta":{"desktop":{"background-color":"","background-image":"","background-repeat":"repeat","background-position":"center center","background-size":"auto","background-attachment":"scroll","background-type":"","background-media":"","overlay-type":"","overlay-color":"","overlay-opacity":"","overlay-gradient":""},"tablet":{"background-color":"","background-image":"","background-repeat":"repeat","background-position":"center center","background-size":"auto","background-attachment":"scroll","background-type":"","background-media":"","overlay-type":"","overlay-color":"","overlay-opacity":"","overlay-gradient":""},"mobile":{"background-color":"","background-image":"","background-repeat":"repeat","background-position":"center center","background-size":"auto","background-attachment":"scroll","background-type":"","background-media":"","overlay-type":"","overlay-color":"","overlay-opacity":"","overlay-gradient":""}},"ast-content-background-meta":{"desktop":{"background-color":"var(--ast-global-color-5)","background-image":"","background-repeat":"repeat","background-position":"center center","background-size":"auto","background-attachment":"scroll","background-type":"","background-media":"","overlay-type":"","overlay-color":"","overlay-opacity":"","overlay-gradient":""},"tablet":{"background-color":"var(--ast-global-color-5)","background-image":"","background-repeat":"repeat","background-position":"center center","background-size":"auto","background-attachment":"scroll","background-type":"","background-media":"","overlay-type":"","overlay-color":"","overlay-opacity":"","overlay-gradient":""},"mobile":{"background-color":"var(--ast-global-color-5)","background-image":"","background-repeat":"repeat","background-position":"center center","background-size":"auto","background-attachment":"scroll","background-type":"","background-media":"","overlay-type":"","overlay-color":"","overlay-opacity":"","overlay-gradient":""}},"footnotes":""},"class_list":["post-81","page","type-page","status-publish","hentry"],"acf":[],"_links":{"self":[{"href":"https:\/\/www.museoemigrazioneitaliana.org\/pt\/wp-json\/wp\/v2\/pages\/81","targetHints":{"allow":["GET"]}}],"collection":[{"href":"https:\/\/www.museoemigrazioneitaliana.org\/pt\/wp-json\/wp\/v2\/pages"}],"about":[{"href":"https:\/\/www.museoemigrazioneitaliana.org\/pt\/wp-json\/wp\/v2\/types\/page"}],"author":[{"embeddable":true,"href":"https:\/\/www.museoemigrazioneitaliana.org\/pt\/wp-json\/wp\/v2\/users\/1"}],"replies":[{"embeddable":true,"href":"https:\/\/www.museoemigrazioneitaliana.org\/pt\/wp-json\/wp\/v2\/comments?post=81"}],"version-history":[{"count":2,"href":"https:\/\/www.museoemigrazioneitaliana.org\/pt\/wp-json\/wp\/v2\/pages\/81\/revisions"}],"predecessor-version":[{"id":3191,"href":"https:\/\/www.museoemigrazioneitaliana.org\/pt\/wp-json\/wp\/v2\/pages\/81\/revisions\/3191"}],"up":[{"embeddable":true,"href":"https:\/\/www.museoemigrazioneitaliana.org\/pt\/wp-json\/wp\/v2\/pages\/77"}],"wp:attachment":[{"href":"https:\/\/www.museoemigrazioneitaliana.org\/pt\/wp-json\/wp\/v2\/media?parent=81"}],"curies":[{"name":"wp","href":"https:\/\/api.w.org\/{rel}","templated":true}]}}