{"id":69,"date":"2020-09-17T15:39:52","date_gmt":"2020-09-17T13:39:52","guid":{"rendered":"https:\/\/mei.ms-dev.it\/?page_id=69"},"modified":"2022-03-10T10:59:26","modified_gmt":"2022-03-10T09:59:26","slug":"europa","status":"publish","type":"page","link":"https:\/\/www.museoemigrazioneitaliana.org\/pt\/le-mete\/europa\/","title":{"rendered":"Europa"},"content":{"rendered":"<p>A emigra\u00e7\u00e3o dos italianos atrav\u00e9s dos Alpes, para a Europa central e setentrional, foi sempre ativa, mesmo quando se verificaram os grandes fluxos emigrat\u00f3rios transoce\u00e2nicos. No entanto, o seu car\u00e1cter sazonal ou, pelo menos, tempor\u00e1rio, sempre dificultou a sua quantifica\u00e7\u00e3o precisa.<\/p>\n<p>Foi sobretudo devido \u00e0s restri\u00e7\u00f5es impostas pelos Estados Unidos \u00e0 entrada de novos imigrantes no pa\u00eds que o fluxo para a Europa tomou o lugar de outros destinos, nomeadamente a Fran\u00e7a, a Alemanha, a B\u00e9lgica, a Su\u00ed\u00e7a, mas tamb\u00e9m a Gr\u00e3-Bretanha. Estes pa\u00edses necessitavam de m\u00e3o de obra barata e, no imediato p\u00f3s-guerra, tinham feito acordos com o governo italiano: jovens trabalhadores destinados principalmente \u00e0s minas da Europa em troca de mat\u00e9rias-primas e fontes de energia, sobretudo carv\u00e3o.<\/p>\n<p>Assim, para resolver os dram\u00e1ticos problemas de desemprego de uma It\u00e1lia arrasada pela Segunda Guerra Mundial, a partir de 1945 o governo italiano incentivou fluxos de emigra\u00e7\u00e3o \"assistida\", quase exclusivamente masculina, para os pa\u00edses europeus, que manteriam um car\u00e1cter marcadamente transit\u00f3rio dada a sua relativa proximidade com a It\u00e1lia, embora se tenham come\u00e7ado a formar comunidades de italianos residentes permanentes, sobretudo na B\u00e9lgica, Su\u00ed\u00e7a e Alemanha.<\/p>\n\t\t\t\t<img loading=\"lazy\" decoding=\"async\" src=\"https:\/\/www.museoemigrazioneitaliana.org\/wp-content\/uploads\/2022\/01\/3297-ok.jpg\" alt=\"Alemanha, Dusseldorf, alredededor de 1905. Na f\u00e1brica de est\u00e1tuas sagradas de Adamo Mazzolini\" itemprop=\"image\" height=\"574\" width=\"800\" title=\"3297 OK\" onerror=\"this.style.display='none'\"  \/>\n\t\tAlemanha, Dusseldorf, alredededor de 1905. Na f\u00e1brica de est\u00e1tuas sagradas de Adamo Mazzolini\n\t\t\t\t\t<ul id=\"menu-le-mete\"><li id=\"menu-item-403\"><a href=\"https:\/\/www.museoemigrazioneitaliana.org\/pt\/destinos\/\">Destinos<\/a>\n<ul>\n\t<li id=\"menu-item-409\"><a href=\"https:\/\/www.museoemigrazioneitaliana.org\/pt\/destinos\/larrivo\/\">Chegada<\/a><\/li>\n\t<li id=\"menu-item-1529\"><a href=\"https:\/\/www.museoemigrazioneitaliana.org\/pt\/destinos\/america-do-norte\/\">Am\u00e9rica do Norte<\/a><\/li>\n\t<li id=\"menu-item-1530\"><a href=\"https:\/\/www.museoemigrazioneitaliana.org\/pt\/destinos\/america-do-sul\/\">Am\u00e9rica do Sul<\/a><\/li>\n\t<li id=\"menu-item-1532\"><a href=\"https:\/\/www.museoemigrazioneitaliana.org\/pt\/destinos\/europa\/\">Europa<\/a><\/li>\n\t<li id=\"menu-item-1531\"><a href=\"https:\/\/www.museoemigrazioneitaliana.org\/pt\/destinos\/australia\/\">Austr\u00e1lia<\/a><\/li>\n\t<li id=\"menu-item-1528\"><a href=\"https:\/\/www.museoemigrazioneitaliana.org\/pt\/destinos\/africa\/\">\u00c1frica<\/a><\/li>\n<\/ul>\n<\/li>\n<\/ul>","protected":false},"excerpt":{"rendered":"<p>L&#8217;emigrazione degli italiani oltralpe, verso l&#8217;Europa centrale e settentrionale, \u00e8 sempre stata attiva, anche quando si sono imposti i grandi flussi di emigrazione transoceanica. Tuttavia il suo carattere stagionale o comunque temporaneo ne ha sempre resa difficoltosa una precisa quantificazione. Fu soprattutto a seguito delle restrizioni statunitensi per l&#8217;ingresso nel paese di nuovi immigrati che [&hellip;]<\/p>\n","protected":false},"author":1,"featured_media":0,"parent":63,"menu_order":0,"comment_status":"closed","ping_status":"open","template":"","meta":{"_acf_changed":false,"site-sidebar-layout":"default","site-content-layout":"default","ast-site-content-layout":"default","site-content-style":"default","site-sidebar-style":"default","ast-global-header-display":"","ast-banner-title-visibility":"","ast-main-header-display":"","ast-hfb-above-header-display":"","ast-hfb-below-header-display":"","ast-hfb-mobile-header-display":"","site-post-title":"","ast-breadcrumbs-content":"","ast-featured-img":"","footer-sml-layout":"","ast-disable-related-posts":"","theme-transparent-header-meta":"default","adv-header-id-meta":"","stick-header-meta":"","header-above-stick-meta":"","header-main-stick-meta":"","header-below-stick-meta":"","astra-migrate-meta-layouts":"default","ast-page-background-enabled":"default","ast-page-background-meta":{"desktop":{"background-color":"","background-image":"","background-repeat":"repeat","background-position":"center center","background-size":"auto","background-attachment":"scroll","background-type":"","background-media":"","overlay-type":"","overlay-color":"","overlay-opacity":"","overlay-gradient":""},"tablet":{"background-color":"","background-image":"","background-repeat":"repeat","background-position":"center center","background-size":"auto","background-attachment":"scroll","background-type":"","background-media":"","overlay-type":"","overlay-color":"","overlay-opacity":"","overlay-gradient":""},"mobile":{"background-color":"","background-image":"","background-repeat":"repeat","background-position":"center center","background-size":"auto","background-attachment":"scroll","background-type":"","background-media":"","overlay-type":"","overlay-color":"","overlay-opacity":"","overlay-gradient":""}},"ast-content-background-meta":{"desktop":{"background-color":"var(--ast-global-color-5)","background-image":"","background-repeat":"repeat","background-position":"center center","background-size":"auto","background-attachment":"scroll","background-type":"","background-media":"","overlay-type":"","overlay-color":"","overlay-opacity":"","overlay-gradient":""},"tablet":{"background-color":"var(--ast-global-color-5)","background-image":"","background-repeat":"repeat","background-position":"center center","background-size":"auto","background-attachment":"scroll","background-type":"","background-media":"","overlay-type":"","overlay-color":"","overlay-opacity":"","overlay-gradient":""},"mobile":{"background-color":"var(--ast-global-color-5)","background-image":"","background-repeat":"repeat","background-position":"center center","background-size":"auto","background-attachment":"scroll","background-type":"","background-media":"","overlay-type":"","overlay-color":"","overlay-opacity":"","overlay-gradient":""}},"footnotes":""},"class_list":["post-69","page","type-page","status-publish","hentry"],"acf":[],"_links":{"self":[{"href":"https:\/\/www.museoemigrazioneitaliana.org\/pt\/wp-json\/wp\/v2\/pages\/69","targetHints":{"allow":["GET"]}}],"collection":[{"href":"https:\/\/www.museoemigrazioneitaliana.org\/pt\/wp-json\/wp\/v2\/pages"}],"about":[{"href":"https:\/\/www.museoemigrazioneitaliana.org\/pt\/wp-json\/wp\/v2\/types\/page"}],"author":[{"embeddable":true,"href":"https:\/\/www.museoemigrazioneitaliana.org\/pt\/wp-json\/wp\/v2\/users\/1"}],"replies":[{"embeddable":true,"href":"https:\/\/www.museoemigrazioneitaliana.org\/pt\/wp-json\/wp\/v2\/comments?post=69"}],"version-history":[{"count":2,"href":"https:\/\/www.museoemigrazioneitaliana.org\/pt\/wp-json\/wp\/v2\/pages\/69\/revisions"}],"predecessor-version":[{"id":3183,"href":"https:\/\/www.museoemigrazioneitaliana.org\/pt\/wp-json\/wp\/v2\/pages\/69\/revisions\/3183"}],"up":[{"embeddable":true,"href":"https:\/\/www.museoemigrazioneitaliana.org\/pt\/wp-json\/wp\/v2\/pages\/63"}],"wp:attachment":[{"href":"https:\/\/www.museoemigrazioneitaliana.org\/pt\/wp-json\/wp\/v2\/media?parent=69"}],"curies":[{"name":"wp","href":"https:\/\/api.w.org\/{rel}","templated":true}]}}