{"id":452,"date":"2020-12-17T15:25:02","date_gmt":"2020-12-17T14:25:02","guid":{"rendered":"https:\/\/mei.ms-dev.it\/?page_id=452"},"modified":"2022-01-26T16:54:56","modified_gmt":"2022-01-26T15:54:56","slug":"unidades-de-ensino-do-primeiro-ciclo-do-ensino-basico-e-do-ensino-secundario","status":"publish","type":"page","link":"https:\/\/www.museoemigrazioneitaliana.org\/pt\/didattica\/unita-didattiche-scuola-media-inferiore-e-scuola-primaria\/","title":{"rendered":"Unidades de ensino. Ensino Secund\u00e1rio e Ensino B\u00e1sico"},"content":{"rendered":"<p>Propostas educativas sobre o tema das migra\u00e7\u00f5es, destinadas aos alunos do ensino secund\u00e1rio, facilmente adapt\u00e1veis aos alunos das \u00faltimas classes do ensino b\u00e1sico<\/p>\n\t\t\t<h3>Um olhar sobre o presente<\/h3>\t\t\t\n\t\t\t<a href=\"https:\/\/www.museoemigrazioneitaliana.org\/wp-content\/uploads\/2022\/01\/UD.-Uno-sguardo-al-presente.2.pdf\" target=\"_blank\" rel=\"noopener\" role=\"button\" aria-label=\"Descarregar\">\n\t\t\t\t\t\t\t\t\t\t\tDescarregar\n\t\t<\/a>\n\t\t\t<h3>Pegamos na mala e seguimos os emigrantes<\/h3>\t\t\t\n\t\t\t<a href=\"https:\/\/www.museoemigrazioneitaliana.org\/wp-content\/uploads\/2022\/01\/UD.-Prendiamo-la-valigia-e-seguiamo-gli-emigranti2.pdf\" target=\"_blank\" rel=\"noopener\" role=\"button\" aria-label=\"Descarregar\">\n\t\t\t\t\t\t\t\t\t\t\tDescarregar\n\t\t<\/a>\n\t\t\t\t\t<ul id=\"menu-didattica\"><li id=\"menu-item-462\"><a href=\"https:\/\/www.museoemigrazioneitaliana.org\/pt\/didatica\/\">Did\u00e1tica<\/a>\n<ul>\n\t<li id=\"menu-item-471\"><a href=\"https:\/\/www.museoemigrazioneitaliana.org\/pt\/didatica\/kits-educativos-para-migrantes\/\">Migrantes. Kit de divulga\u00e7\u00e3o pedag\u00f3gica<\/a><\/li>\n\t<li id=\"menu-item-470\"><a href=\"https:\/\/www.museoemigrazioneitaliana.org\/pt\/didatica\/reportagem-sobre-migrantes\/\">Migrantes. Reportagem<\/a><\/li>\n\t<li id=\"menu-item-469\"><a href=\"https:\/\/www.museoemigrazioneitaliana.org\/pt\/didatica\/historia-dos-migrantes\/\">Migrantes. A hist\u00f3ria<\/a><\/li>\n\t<li id=\"menu-item-467\"><a href=\"https:\/\/www.museoemigrazioneitaliana.org\/pt\/didatica\/unidades-de-ensino-do-primeiro-ciclo-do-ensino-basico-e-do-ensino-secundario\/\">Unidades de ensino. Ensino Secund\u00e1rio e Ensino B\u00e1sico<\/a><\/li>\n\t<li id=\"menu-item-466\"><a href=\"https:\/\/www.museoemigrazioneitaliana.org\/pt\/didatica\/unidades-didacticas-do-primeiro-ciclo-do-ensino-basico\/\">Unidades de Ensino. Escolas Secund\u00e1rias<\/a><\/li>\n\t<li id=\"menu-item-463\"><a href=\"https:\/\/www.museoemigrazioneitaliana.org\/pt\/didatica\/historias-de-emigracao\/\">Hist\u00f3rias de emigra\u00e7\u00e3o<\/a><\/li>\n<\/ul>\n<\/li>\n<\/ul>","protected":false},"excerpt":{"rendered":"<p>Proposte didattiche sul tema delle migrazioni, destinate agli studenti delle Scuole Medie Inferiori, facilmente adattabili agli alunni delle ultime classi delle Scuole Primarie Uno sguardo al presente Scarica Prendiamo la valigia e seguiamo gli emigranti Scarica Didattica Migranti. Kit didattico-divulgativo Migranti. Reportage Migranti. Storia Unit\u00e0 Didattiche. Scuola Media Inferiore e Scuola Primaria Unit\u00e0 Didattiche. Scuole [&hellip;]<\/p>\n","protected":false},"author":1,"featured_media":0,"parent":438,"menu_order":0,"comment_status":"closed","ping_status":"open","template":"","meta":{"_acf_changed":false,"site-sidebar-layout":"default","site-content-layout":"default","ast-site-content-layout":"default","site-content-style":"default","site-sidebar-style":"default","ast-global-header-display":"","ast-banner-title-visibility":"","ast-main-header-display":"","ast-hfb-above-header-display":"","ast-hfb-below-header-display":"","ast-hfb-mobile-header-display":"","site-post-title":"","ast-breadcrumbs-content":"","ast-featured-img":"","footer-sml-layout":"","ast-disable-related-posts":"","theme-transparent-header-meta":"default","adv-header-id-meta":"","stick-header-meta":"","header-above-stick-meta":"","header-main-stick-meta":"","header-below-stick-meta":"","astra-migrate-meta-layouts":"default","ast-page-background-enabled":"default","ast-page-background-meta":{"desktop":{"background-color":"","background-image":"","background-repeat":"repeat","background-position":"center center","background-size":"auto","background-attachment":"scroll","background-type":"","background-media":"","overlay-type":"","overlay-color":"","overlay-opacity":"","overlay-gradient":""},"tablet":{"background-color":"","background-image":"","background-repeat":"repeat","background-position":"center center","background-size":"auto","background-attachment":"scroll","background-type":"","background-media":"","overlay-type":"","overlay-color":"","overlay-opacity":"","overlay-gradient":""},"mobile":{"background-color":"","background-image":"","background-repeat":"repeat","background-position":"center center","background-size":"auto","background-attachment":"scroll","background-type":"","background-media":"","overlay-type":"","overlay-color":"","overlay-opacity":"","overlay-gradient":""}},"ast-content-background-meta":{"desktop":{"background-color":"var(--ast-global-color-5)","background-image":"","background-repeat":"repeat","background-position":"center center","background-size":"auto","background-attachment":"scroll","background-type":"","background-media":"","overlay-type":"","overlay-color":"","overlay-opacity":"","overlay-gradient":""},"tablet":{"background-color":"var(--ast-global-color-5)","background-image":"","background-repeat":"repeat","background-position":"center center","background-size":"auto","background-attachment":"scroll","background-type":"","background-media":"","overlay-type":"","overlay-color":"","overlay-opacity":"","overlay-gradient":""},"mobile":{"background-color":"var(--ast-global-color-5)","background-image":"","background-repeat":"repeat","background-position":"center center","background-size":"auto","background-attachment":"scroll","background-type":"","background-media":"","overlay-type":"","overlay-color":"","overlay-opacity":"","overlay-gradient":""}},"footnotes":""},"class_list":["post-452","page","type-page","status-publish","hentry"],"acf":[],"_links":{"self":[{"href":"https:\/\/www.museoemigrazioneitaliana.org\/pt\/wp-json\/wp\/v2\/pages\/452","targetHints":{"allow":["GET"]}}],"collection":[{"href":"https:\/\/www.museoemigrazioneitaliana.org\/pt\/wp-json\/wp\/v2\/pages"}],"about":[{"href":"https:\/\/www.museoemigrazioneitaliana.org\/pt\/wp-json\/wp\/v2\/types\/page"}],"author":[{"embeddable":true,"href":"https:\/\/www.museoemigrazioneitaliana.org\/pt\/wp-json\/wp\/v2\/users\/1"}],"replies":[{"embeddable":true,"href":"https:\/\/www.museoemigrazioneitaliana.org\/pt\/wp-json\/wp\/v2\/comments?post=452"}],"version-history":[{"count":2,"href":"https:\/\/www.museoemigrazioneitaliana.org\/pt\/wp-json\/wp\/v2\/pages\/452\/revisions"}],"predecessor-version":[{"id":1632,"href":"https:\/\/www.museoemigrazioneitaliana.org\/pt\/wp-json\/wp\/v2\/pages\/452\/revisions\/1632"}],"up":[{"embeddable":true,"href":"https:\/\/www.museoemigrazioneitaliana.org\/pt\/wp-json\/wp\/v2\/pages\/438"}],"wp:attachment":[{"href":"https:\/\/www.museoemigrazioneitaliana.org\/pt\/wp-json\/wp\/v2\/media?parent=452"}],"curies":[{"name":"wp","href":"https:\/\/api.w.org\/{rel}","templated":true}]}}