{"id":40,"date":"2020-09-17T15:34:40","date_gmt":"2020-09-17T13:34:40","guid":{"rendered":"https:\/\/mei.ms-dev.it\/?page_id=40"},"modified":"2022-03-07T21:54:38","modified_gmt":"2022-03-07T20:54:38","slug":"de-italia-no-mundo","status":"publish","type":"page","link":"https:\/\/www.museoemigrazioneitaliana.org\/pt\/dallitalia-nel-mondo\/","title":{"rendered":"De It\u00e1lia para o mundo"},"content":{"rendered":"<p>A emigra\u00e7\u00e3o italiana durou desde as \u00faltimas d\u00e9cadas do s\u00e9culo XIX at\u00e9 aos anos 70 e caracterizou-se pela dispers\u00e3o geogr\u00e1fica em todo o mundo. Os chamados \"factores de expuls\u00e3o\" diziam respeito \u00e0 agricultura, amea\u00e7ada pelas importa\u00e7\u00f5es baratas de trigo e de outros cereais americanos, \u00e0 concorr\u00eancia de alguns pa\u00edses europeus no com\u00e9rcio do azeite e do vinho e, sobretudo nas regi\u00f5es meridionais, \u00e0 extens\u00e3o dos latif\u00fandios e \u00e0 pr\u00e1tica de t\u00e9cnicas culturais primitivas.<\/p>\n<p>A mala \u00e9, desde h\u00e1 muito, o s\u00edmbolo da emigra\u00e7\u00e3o. Antes da mala, havia a \"trouxa\": um peda\u00e7o de pano, na melhor das hip\u00f3teses um xaile, no qual se embrulhavam coisas para levar para o novo pa\u00eds. A palavra \"infagottare\" \u00e9 muito utilizada em sentido figurado: cobrir, vestir, embrulhar uma pessoa com roupas, panos pesados e abundantes, de modo a fazer uma trouxa. Nalgumas das fotografias aqui publicadas, podem ver-se mulheres \"embrulhadas\"; elas pr\u00f3prias s\u00e3o bagagem, na medida em que vestem mais roupa, em camadas, para n\u00e3o deixarem os seus bens, pobres e, por isso, preciosos, abandonados nos por\u00f5es.<\/p>\n<p>E no embrulho, ou na mala, havia todo um \"mundo\": recorda\u00e7\u00f5es da fam\u00edlia h\u00e1 muito desaparecida, um bilhete para um parente ou um compatriota, por vezes uma carta de apresenta\u00e7\u00e3o para algu\u00e9m que, esperava-se, poderia dar uma ajuda, comida, um instrumento musical... um mundo, de facto.<\/p>\n<p>E tamb\u00e9m, para os mais prevenidos, um vocabul\u00e1rio \"fa\u00e7a voc\u00ea mesmo\". Nos Arquivos Cresci, existe um caderno de vocabul\u00e1rio ingl\u00eas, no qual se podem ler frases como: \"Ianmen, ai nide bai santin ciu it, iu uil scio mi becher sciop Giovanotto, io abbisogno comprare qualche cosa da mangiare, voi volete mostrare me bettiere bottega\".<\/p>\n\t\t\t\t<img loading=\"lazy\" decoding=\"async\" src=\"https:\/\/www.museoemigrazioneitaliana.org\/wp-content\/uploads\/2022\/02\/foto-stazione6-1280x1010-1.jpg\" alt=\"Emigrantes a sair de uma esta\u00e7\u00e3o ferrovi\u00e1ria, 1908\" itemprop=\"image\" height=\"1010\" width=\"1280\" title=\"foto-stazione6-1280x1010\" onerror=\"this.style.display='none'\">\n\t\tEmigrantes a sair de uma esta\u00e7\u00e3o ferrovi\u00e1ria, 1908\n\t<iframe loading=\"lazy\" title=\"OS MOTIVOS DA PARTIDA - Emigra\u00e7\u00e3o italiana\" width=\"500\" height=\"281\" src=\"https:\/\/www.youtube.com\/embed\/JvOygYcQpMs?feature=oembed\" frameborder=\"0\" allow=\"accelerometer; autoplay; clipboard-write; encrypted-media; gyroscope; picture-in-picture\" allowfullscreen=\"\"><\/iframe>\n\t\t\t\t\t<ul id=\"menu-dallitalia-nel-mondo\"><li id=\"menu-item-221\"><a href=\"https:\/\/www.museoemigrazioneitaliana.org\/pt\/de-italia-no-mundo\/\">De It\u00e1lia para o mundo<\/a>\n<ul>\n\t<li id=\"menu-item-224\"><a href=\"https:\/\/www.museoemigrazioneitaliana.org\/pt\/de-italia-no-mundo\/as-causas-da-partida\/\">As causas da partida<\/a><\/li>\n\t<li id=\"menu-item-223\"><a href=\"https:\/\/www.museoemigrazioneitaliana.org\/pt\/de-italia-no-mundo\/documentos-para-sair\/\">Documentos de sa\u00edda<\/a><\/li>\n\t<li id=\"menu-item-222\"><a href=\"https:\/\/www.museoemigrazioneitaliana.org\/pt\/de-italia-no-mundo\/agentes-de-demigracao\/\">Agentes de emigra\u00e7\u00e3o<\/a><\/li>\n\t<li id=\"menu-item-225\"><a href=\"https:\/\/www.museoemigrazioneitaliana.org\/pt\/de-italia-no-mundo\/guias-para-emigrantes\/\">Guias para emigrantes<\/a><\/li>\n\t<li id=\"menu-item-226\"><a href=\"https:\/\/www.museoemigrazioneitaliana.org\/pt\/de-italia-no-mundo\/para-lemigrante\/\">Para o emigrante<\/a><\/li>\n<\/ul>\n<\/li>\n<\/ul>","protected":false},"excerpt":{"rendered":"<p>L&#8217;emigrazione italiana si \u00e8 protratta dagli ultimi decenni dell&#8217; Ottocento sino agli anni Settanta del Novecento ed \u00e8 stata caratterizzata da una dispersione geografica in tutto il mondo. Quelli che vengono definiti &#8220;fattori di espulsione&#8221; riguardavano l&#8217;agricoltura, minacciata dalle importazioni a basso prezzo di grano americano e di altri cereali, dalla concorrenza di alcuni paesi [&hellip;]<\/p>\n","protected":false},"author":1,"featured_media":0,"parent":0,"menu_order":0,"comment_status":"closed","ping_status":"open","template":"","meta":{"_acf_changed":false,"site-sidebar-layout":"default","site-content-layout":"default","ast-site-content-layout":"default","site-content-style":"default","site-sidebar-style":"default","ast-global-header-display":"","ast-banner-title-visibility":"","ast-main-header-display":"","ast-hfb-above-header-display":"","ast-hfb-below-header-display":"","ast-hfb-mobile-header-display":"","site-post-title":"","ast-breadcrumbs-content":"","ast-featured-img":"","footer-sml-layout":"","ast-disable-related-posts":"","theme-transparent-header-meta":"default","adv-header-id-meta":"","stick-header-meta":"","header-above-stick-meta":"","header-main-stick-meta":"","header-below-stick-meta":"","astra-migrate-meta-layouts":"default","ast-page-background-enabled":"default","ast-page-background-meta":{"desktop":{"background-color":"","background-image":"","background-repeat":"repeat","background-position":"center center","background-size":"auto","background-attachment":"scroll","background-type":"","background-media":"","overlay-type":"","overlay-color":"","overlay-opacity":"","overlay-gradient":""},"tablet":{"background-color":"","background-image":"","background-repeat":"repeat","background-position":"center center","background-size":"auto","background-attachment":"scroll","background-type":"","background-media":"","overlay-type":"","overlay-color":"","overlay-opacity":"","overlay-gradient":""},"mobile":{"background-color":"","background-image":"","background-repeat":"repeat","background-position":"center center","background-size":"auto","background-attachment":"scroll","background-type":"","background-media":"","overlay-type":"","overlay-color":"","overlay-opacity":"","overlay-gradient":""}},"ast-content-background-meta":{"desktop":{"background-color":"var(--ast-global-color-5)","background-image":"","background-repeat":"repeat","background-position":"center center","background-size":"auto","background-attachment":"scroll","background-type":"","background-media":"","overlay-type":"","overlay-color":"","overlay-opacity":"","overlay-gradient":""},"tablet":{"background-color":"var(--ast-global-color-5)","background-image":"","background-repeat":"repeat","background-position":"center center","background-size":"auto","background-attachment":"scroll","background-type":"","background-media":"","overlay-type":"","overlay-color":"","overlay-opacity":"","overlay-gradient":""},"mobile":{"background-color":"var(--ast-global-color-5)","background-image":"","background-repeat":"repeat","background-position":"center center","background-size":"auto","background-attachment":"scroll","background-type":"","background-media":"","overlay-type":"","overlay-color":"","overlay-opacity":"","overlay-gradient":""}},"footnotes":""},"class_list":["post-40","page","type-page","status-publish","hentry"],"acf":[],"_links":{"self":[{"href":"https:\/\/www.museoemigrazioneitaliana.org\/pt\/wp-json\/wp\/v2\/pages\/40","targetHints":{"allow":["GET"]}}],"collection":[{"href":"https:\/\/www.museoemigrazioneitaliana.org\/pt\/wp-json\/wp\/v2\/pages"}],"about":[{"href":"https:\/\/www.museoemigrazioneitaliana.org\/pt\/wp-json\/wp\/v2\/types\/page"}],"author":[{"embeddable":true,"href":"https:\/\/www.museoemigrazioneitaliana.org\/pt\/wp-json\/wp\/v2\/users\/1"}],"replies":[{"embeddable":true,"href":"https:\/\/www.museoemigrazioneitaliana.org\/pt\/wp-json\/wp\/v2\/comments?post=40"}],"version-history":[{"count":2,"href":"https:\/\/www.museoemigrazioneitaliana.org\/pt\/wp-json\/wp\/v2\/pages\/40\/revisions"}],"predecessor-version":[{"id":3111,"href":"https:\/\/www.museoemigrazioneitaliana.org\/pt\/wp-json\/wp\/v2\/pages\/40\/revisions\/3111"}],"wp:attachment":[{"href":"https:\/\/www.museoemigrazioneitaliana.org\/pt\/wp-json\/wp\/v2\/media?parent=40"}],"curies":[{"name":"wp","href":"https:\/\/api.w.org\/{rel}","templated":true}]}}