{"id":95,"date":"2020-09-17T15:44:47","date_gmt":"2020-09-17T13:44:47","guid":{"rendered":"https:\/\/mei.ms-dev.it\/?page_id=95"},"modified":"2022-03-10T10:41:48","modified_gmt":"2022-03-10T09:41:48","slug":"toute-ma-vie","status":"publish","type":"page","link":"https:\/\/www.museoemigrazioneitaliana.org\/fr\/il-legame-con-litalia\/tutta-la-vita\/","title":{"rendered":"Toute ma vie"},"content":{"rendered":"<p>Dans les archives des familles \u00e9migr\u00e9es, en Italie comme dans tous les pays du monde, une part pr\u00e9pond\u00e9rante est r\u00e9serv\u00e9e aux photographies retra\u00e7ant les \u00e9tapes de chaque vie : naissance, c\u00e9r\u00e9monies, mariage et, dans une moindre mesure, d\u00e9c\u00e8s.<\/p>\n<p>Parfois, ceux qui sont partis veulent montrer \u00e0 ceux qui sont loin \u00e0 quel point le lien qui les unit est grand et fort, et ils se font photographier avec leurs proches dans les mains.<\/p>\n\t\t\t\t\t<ul id=\"menu-il-legame-con-litalia\"><li id=\"menu-item-417\"><a href=\"https:\/\/www.museoemigrazioneitaliana.org\/fr\/le-lien-avec-litalie\/\">Le lien avec l'Italie<\/a>\n<ul>\n\t<li id=\"menu-item-423\"><a href=\"https:\/\/www.museoemigrazioneitaliana.org\/fr\/le-lien-avec-litalie\/je-vous-ecris-cette-lettre\/\">Je vous \u00e9cris cette lettre<\/a><\/li>\n\t<li id=\"menu-item-420\"><a href=\"https:\/\/www.museoemigrazioneitaliana.org\/fr\/le-lien-avec-litalie\/toute-ma-vie\/\">Toute ma vie<\/a><\/li>\n\t<li id=\"menu-item-419\"><a href=\"https:\/\/www.museoemigrazioneitaliana.org\/fr\/le-lien-avec-litalie\/saints-et-processions\/\">Saints et processions<\/a><\/li>\n\t<li id=\"menu-item-418\"><a href=\"https:\/\/www.museoemigrazioneitaliana.org\/fr\/le-lien-avec-litalie\/pour-la-patrie\/\">Pour la patrie<\/a><\/li>\n<\/ul>\n<\/li>\n<\/ul>","protected":false},"excerpt":{"rendered":"<p>Negli archivi delle famiglie emigrate, sia in Italia che in ogni paese del mondo, una parte preponderante \u00e8 riservata alle fotografie che raccontano le tappe fondamentali di ogni vita: nascita, cerimonie, matrimonio e, in misura minore, morte. Talvolta chi \u00e8 partito vuole mostrare a chi \u00e8 lontano quant&#8217;\u00e8 grande, e forte, il legame che li [&hellip;]<\/p>\n","protected":false},"author":1,"featured_media":0,"parent":91,"menu_order":0,"comment_status":"closed","ping_status":"open","template":"","meta":{"_acf_changed":false,"site-sidebar-layout":"default","site-content-layout":"default","ast-site-content-layout":"default","site-content-style":"default","site-sidebar-style":"default","ast-global-header-display":"","ast-banner-title-visibility":"","ast-main-header-display":"","ast-hfb-above-header-display":"","ast-hfb-below-header-display":"","ast-hfb-mobile-header-display":"","site-post-title":"","ast-breadcrumbs-content":"","ast-featured-img":"","footer-sml-layout":"","ast-disable-related-posts":"","theme-transparent-header-meta":"default","adv-header-id-meta":"","stick-header-meta":"","header-above-stick-meta":"","header-main-stick-meta":"","header-below-stick-meta":"","astra-migrate-meta-layouts":"default","ast-page-background-enabled":"default","ast-page-background-meta":{"desktop":{"background-color":"","background-image":"","background-repeat":"repeat","background-position":"center center","background-size":"auto","background-attachment":"scroll","background-type":"","background-media":"","overlay-type":"","overlay-color":"","overlay-opacity":"","overlay-gradient":""},"tablet":{"background-color":"","background-image":"","background-repeat":"repeat","background-position":"center center","background-size":"auto","background-attachment":"scroll","background-type":"","background-media":"","overlay-type":"","overlay-color":"","overlay-opacity":"","overlay-gradient":""},"mobile":{"background-color":"","background-image":"","background-repeat":"repeat","background-position":"center center","background-size":"auto","background-attachment":"scroll","background-type":"","background-media":"","overlay-type":"","overlay-color":"","overlay-opacity":"","overlay-gradient":""}},"ast-content-background-meta":{"desktop":{"background-color":"var(--ast-global-color-5)","background-image":"","background-repeat":"repeat","background-position":"center center","background-size":"auto","background-attachment":"scroll","background-type":"","background-media":"","overlay-type":"","overlay-color":"","overlay-opacity":"","overlay-gradient":""},"tablet":{"background-color":"var(--ast-global-color-5)","background-image":"","background-repeat":"repeat","background-position":"center center","background-size":"auto","background-attachment":"scroll","background-type":"","background-media":"","overlay-type":"","overlay-color":"","overlay-opacity":"","overlay-gradient":""},"mobile":{"background-color":"var(--ast-global-color-5)","background-image":"","background-repeat":"repeat","background-position":"center center","background-size":"auto","background-attachment":"scroll","background-type":"","background-media":"","overlay-type":"","overlay-color":"","overlay-opacity":"","overlay-gradient":""}},"footnotes":""},"class_list":["post-95","page","type-page","status-publish","hentry"],"acf":[],"_links":{"self":[{"href":"https:\/\/www.museoemigrazioneitaliana.org\/fr\/wp-json\/wp\/v2\/pages\/95","targetHints":{"allow":["GET"]}}],"collection":[{"href":"https:\/\/www.museoemigrazioneitaliana.org\/fr\/wp-json\/wp\/v2\/pages"}],"about":[{"href":"https:\/\/www.museoemigrazioneitaliana.org\/fr\/wp-json\/wp\/v2\/types\/page"}],"author":[{"embeddable":true,"href":"https:\/\/www.museoemigrazioneitaliana.org\/fr\/wp-json\/wp\/v2\/users\/1"}],"replies":[{"embeddable":true,"href":"https:\/\/www.museoemigrazioneitaliana.org\/fr\/wp-json\/wp\/v2\/comments?post=95"}],"version-history":[{"count":2,"href":"https:\/\/www.museoemigrazioneitaliana.org\/fr\/wp-json\/wp\/v2\/pages\/95\/revisions"}],"predecessor-version":[{"id":3160,"href":"https:\/\/www.museoemigrazioneitaliana.org\/fr\/wp-json\/wp\/v2\/pages\/95\/revisions\/3160"}],"up":[{"embeddable":true,"href":"https:\/\/www.museoemigrazioneitaliana.org\/fr\/wp-json\/wp\/v2\/pages\/91"}],"wp:attachment":[{"href":"https:\/\/www.museoemigrazioneitaliana.org\/fr\/wp-json\/wp\/v2\/media?parent=95"}],"curies":[{"name":"wp","href":"https:\/\/api.w.org\/{rel}","templated":true}]}}