{"id":438,"date":"2020-12-17T15:20:08","date_gmt":"2020-12-17T14:20:08","guid":{"rendered":"https:\/\/mei.ms-dev.it\/?page_id=438"},"modified":"2022-01-26T16:37:35","modified_gmt":"2022-01-26T15:37:35","slug":"didactique","status":"publish","type":"page","link":"https:\/\/www.museoemigrazioneitaliana.org\/fr\/didattica\/","title":{"rendered":"Didactique"},"content":{"rendered":"<p>L'enseignement de l'histoire est en train de changer de sens partout dans le monde, et particuli\u00e8rement en Europe. L'approche\u00a0<em>naziocentrique<\/em>\u00a0encore tenacement au c\u0153ur de l'\u00e9ducation pr\u00e9valant dans plusieurs pays, il est n\u00e9cessaire de remplacer cette approche par une autre.\u00a0<em>multi-perspective<\/em>\u00a0e\u00a0<em>pluraliste<\/em>\u00a0o\u00a0<em>multidimensionnel<\/em>Ceci est fondamental pour construire un apprentissage significatif pour les classes scolaires dans lesquelles la pr\u00e9sence d'\u00e9l\u00e8ves non-italophones - qui parlent l'italien comme seconde langue - pose ce nouveau d\u00e9fi \u00e9ducatif et cognitif. Un d\u00e9fi qui est en m\u00eame temps une grande opportunit\u00e9 pour construire une nouvelle approche dans laquelle les identit\u00e9s culturelles sont pr\u00e9sent\u00e9es comme des processus en construction et non comme des entit\u00e9s immobiles, toujours \u00e9gales \u00e0 elles-m\u00eames et ferm\u00e9es \u00e0 toute forme de dialogue, ferm\u00e9es, c'est-\u00e0-dire, \u00e0 toute forme de dialogue r\u00e9el.\u00a0<em>interculturalit\u00e9<\/em>.<\/p>\n<p>Les comparaisons et les chocs entre les cultures, les \u00e9changes entre les civilisations, la mobilit\u00e9 des hommes et des id\u00e9es sont des th\u00e8mes essentiels pour relire le pass\u00e9 \u00e0 la lumi\u00e8re du pr\u00e9sent et des besoins de l'avenir, ils sont le chiffre \u00e0 la lumi\u00e8re duquel - c'est d\u00e9sormais clair - le XXIe si\u00e8cle devra relire sa propre histoire et les histoires enseign\u00e9es devront \u00eatre remodel\u00e9es.<\/p>\n<p>La mobilit\u00e9 des hommes (qui n'est pas r\u00e9ductible \u00e0 un simple mouvement de main-d'\u0153uvre) est un th\u00e8me essentiel pour valoriser cette nouvelle approche du pass\u00e9 : les paradoxes de l'alt\u00e9rit\u00e9, la r\u00e9alit\u00e9 - souvent ignor\u00e9e - des interactions culturelles, les modes de construction des identit\u00e9s culturelles peuvent \u00eatre lus \u00e0 travers une r\u00e9interpr\u00e9tation historique qui vise \u00e0 \u00e9duquer \u00e0 une id\u00e9e forte de tol\u00e9rance, de r\u00e9ciprocit\u00e9, de dialogue et de responsabilit\u00e9, en utilisant dans la perspective interculturelle ce qui a \u00e9t\u00e9 un \u00e9l\u00e9ment de division et de conflit.<\/p>\n<p>Reconvertir l'histoire enseign\u00e9e dans nos \u00e9coles signifie essentiellement remotiver l'apprentissage des enfants. Et remotiver les apprentissages, c'est essentiellement innover radicalement, c'est-\u00e0-dire adapter les canons, les paradigmes narratifs, les m\u00e9thodologies, les outils de travail. Et donc d'abord valoriser les ressources humaines, seul levier dont disposent les enseignants (et pas seulement ceux des disciplines historiques) pour contribuer \u00e0 reconstruire leur dignit\u00e9 professionnelle.<\/p>\n<p>Dans cette optique, nous proposons dans cette section du site du mat\u00e9riel pouvant \u00eatre utilis\u00e9 comme source d'\u00e9tude et de r\u00e9flexion, ainsi que des propositions d'ateliers p\u00e9dagogiques structur\u00e9s.<\/p>\n<p>Umberto Baldocchi - Coordinateur de l'\u00e9ducation<\/p>\n\t\t\t\t\t<ul id=\"menu-didattica\"><li id=\"menu-item-462\"><a href=\"https:\/\/www.museoemigrazioneitaliana.org\/fr\/didactique\/\">Didactique<\/a>\n<ul>\n\t<li id=\"menu-item-471\"><a href=\"https:\/\/www.museoemigrazioneitaliana.org\/fr\/didactique\/kits-educatifs-pour-les-migrants\/\">Migrants. Kit d'information p\u00e9dagogique<\/a><\/li>\n\t<li id=\"menu-item-470\"><a href=\"https:\/\/www.museoemigrazioneitaliana.org\/fr\/didactique\/reportage-sur-les-migrants\/\">Migrants. Reportage<\/a><\/li>\n\t<li id=\"menu-item-469\"><a href=\"https:\/\/www.museoemigrazioneitaliana.org\/fr\/didactique\/histoire-des-migrants\/\">Migrants. L'histoire<\/a><\/li>\n\t<li id=\"menu-item-467\"><a href=\"https:\/\/www.museoemigrazioneitaliana.org\/fr\/didactique\/unites-denseignement-college-et-ecole-primaire\/\">Unit\u00e9s d'enseignement. \u00c9cole secondaire inf\u00e9rieure et \u00e9cole primaire<\/a><\/li>\n\t<li id=\"menu-item-466\"><a href=\"https:\/\/www.museoemigrazioneitaliana.org\/fr\/didactique\/unites-denseignement-du-college\/\">Unit\u00e9s d'enseignement. \u00c9coles secondaires<\/a><\/li>\n\t<li id=\"menu-item-463\"><a href=\"https:\/\/www.museoemigrazioneitaliana.org\/fr\/didactique\/histoires-demigration\/\">Histoires d'\u00e9migration<\/a><\/li>\n<\/ul>\n<\/li>\n<\/ul>","protected":false},"excerpt":{"rendered":"<p>L&#8217;insegnamento della storia sta mutando di senso in tutto il mondo, e particolarmente in Europa. All&#8217;approccio\u00a0naziocentrico\u00a0ancora tenacemente insediato nel cuore delle didattiche prevalenti in parecchi paesi, \u00e8 necessario sostituire quell&#8217;approccio\u00a0multiprospettico\u00a0e\u00a0pluralista\u00a0o\u00a0pluridimensionale, fondamentale per costruire un apprendimento che sia significativo per classi scolastiche in cui la presenza di alunni non italofoni &#8211; che parlano l&#8217;italiano come seconda [&hellip;]<\/p>\n","protected":false},"author":1,"featured_media":0,"parent":0,"menu_order":0,"comment_status":"closed","ping_status":"open","template":"","meta":{"_acf_changed":false,"site-sidebar-layout":"default","site-content-layout":"default","ast-site-content-layout":"default","site-content-style":"default","site-sidebar-style":"default","ast-global-header-display":"","ast-banner-title-visibility":"","ast-main-header-display":"","ast-hfb-above-header-display":"","ast-hfb-below-header-display":"","ast-hfb-mobile-header-display":"","site-post-title":"","ast-breadcrumbs-content":"","ast-featured-img":"","footer-sml-layout":"","ast-disable-related-posts":"","theme-transparent-header-meta":"default","adv-header-id-meta":"","stick-header-meta":"","header-above-stick-meta":"","header-main-stick-meta":"","header-below-stick-meta":"","astra-migrate-meta-layouts":"default","ast-page-background-enabled":"default","ast-page-background-meta":{"desktop":{"background-color":"","background-image":"","background-repeat":"repeat","background-position":"center center","background-size":"auto","background-attachment":"scroll","background-type":"","background-media":"","overlay-type":"","overlay-color":"","overlay-opacity":"","overlay-gradient":""},"tablet":{"background-color":"","background-image":"","background-repeat":"repeat","background-position":"center center","background-size":"auto","background-attachment":"scroll","background-type":"","background-media":"","overlay-type":"","overlay-color":"","overlay-opacity":"","overlay-gradient":""},"mobile":{"background-color":"","background-image":"","background-repeat":"repeat","background-position":"center center","background-size":"auto","background-attachment":"scroll","background-type":"","background-media":"","overlay-type":"","overlay-color":"","overlay-opacity":"","overlay-gradient":""}},"ast-content-background-meta":{"desktop":{"background-color":"var(--ast-global-color-5)","background-image":"","background-repeat":"repeat","background-position":"center center","background-size":"auto","background-attachment":"scroll","background-type":"","background-media":"","overlay-type":"","overlay-color":"","overlay-opacity":"","overlay-gradient":""},"tablet":{"background-color":"var(--ast-global-color-5)","background-image":"","background-repeat":"repeat","background-position":"center center","background-size":"auto","background-attachment":"scroll","background-type":"","background-media":"","overlay-type":"","overlay-color":"","overlay-opacity":"","overlay-gradient":""},"mobile":{"background-color":"var(--ast-global-color-5)","background-image":"","background-repeat":"repeat","background-position":"center center","background-size":"auto","background-attachment":"scroll","background-type":"","background-media":"","overlay-type":"","overlay-color":"","overlay-opacity":"","overlay-gradient":""}},"footnotes":""},"class_list":["post-438","page","type-page","status-publish","hentry"],"acf":[],"_links":{"self":[{"href":"https:\/\/www.museoemigrazioneitaliana.org\/fr\/wp-json\/wp\/v2\/pages\/438","targetHints":{"allow":["GET"]}}],"collection":[{"href":"https:\/\/www.museoemigrazioneitaliana.org\/fr\/wp-json\/wp\/v2\/pages"}],"about":[{"href":"https:\/\/www.museoemigrazioneitaliana.org\/fr\/wp-json\/wp\/v2\/types\/page"}],"author":[{"embeddable":true,"href":"https:\/\/www.museoemigrazioneitaliana.org\/fr\/wp-json\/wp\/v2\/users\/1"}],"replies":[{"embeddable":true,"href":"https:\/\/www.museoemigrazioneitaliana.org\/fr\/wp-json\/wp\/v2\/comments?post=438"}],"version-history":[{"count":2,"href":"https:\/\/www.museoemigrazioneitaliana.org\/fr\/wp-json\/wp\/v2\/pages\/438\/revisions"}],"predecessor-version":[{"id":1602,"href":"https:\/\/www.museoemigrazioneitaliana.org\/fr\/wp-json\/wp\/v2\/pages\/438\/revisions\/1602"}],"wp:attachment":[{"href":"https:\/\/www.museoemigrazioneitaliana.org\/fr\/wp-json\/wp\/v2\/media?parent=438"}],"curies":[{"name":"wp","href":"https:\/\/api.w.org\/{rel}","templated":true}]}}