{"id":2,"date":"2019-12-04T10:38:55","date_gmt":"2019-12-04T10:38:55","guid":{"rendered":"https:\/\/astrastart.devsrvr.net\/?page_id=2"},"modified":"2026-03-05T13:46:47","modified_gmt":"2026-03-05T12:46:47","slug":"page-dexemple","status":"publish","type":"page","link":"https:\/\/www.museoemigrazioneitaliana.org\/fr\/","title":{"rendered":"Page d'accueil"},"content":{"rendered":"\"L'histoire, c'est nous, nous tous :<br \/>\nindiff\u00e9rents et participants, protagonistes et figurants,<br \/>\nmais tous ont leur propre \"histoire\" \u00e0 raconter.<br \/>\nApprendre, r\u00e9fl\u00e9chir au pass\u00e9 et au pr\u00e9sent,<br \/>\nont pens\u00e9 \u00e0 un mus\u00e9e virtuel :<br \/>\nLa trame des vies d'hier et d'aujourd'hui\n\t\t<meta itemprop=\"url\" content=\"https:\/\/www.museoemigrazioneitaliana.org\/wp-content\/uploads\/2023\/01\/Foto_animata_opt.mp4\" \/><div style=\"width: 640px;\" class=\"wp-video\"><video muted class=\"wp-video-shortcode\" id=\"video-2-1\" width=\"640\" height=\"360\" loop autoplay preload=\"metadata\" controls=\"controls\"><source type=\"video\/mp4\" src=\"https:\/\/www.museoemigrazioneitaliana.org\/wp-content\/uploads\/2023\/01\/Foto_animata_opt.mp4?_=1\" \/><source type=\"video\/mp4\" src=\"https:\/\/www.museoemigrazioneitaliana.org\/wp-content\/uploads\/2023\/01\/Foto_animata_opt.mp4?_=1\" \/><a href=\"https:\/\/www.museoemigrazioneitaliana.org\/wp-content\/uploads\/2023\/01\/Foto_animata_opt.mp4\">https:\/\/www.museoemigrazioneitaliana.org\/wp-content\/uploads\/2023\/01\/Foto_animata_opt.mp4<\/a><\/video><\/div>\t\n\t<p>Hier comme aujourd'hui... aujourd'hui comme hier : sur l'oc\u00e9an ou sur la terre pour suivre l'appel d'un r\u00eave<\/p>\n<figure itemscope itemtype=\"https:\/\/schema.org\/ImageObject\">\n\t\t\t\t<a href=\"https:\/\/www.fondazionepaolocresci.it\/\" target=\"_blank\" rel=\"noopener\" itemprop=\"url\">\n\t\t\t\t<img decoding=\"async\" src=\"https:\/\/www.museoemigrazioneitaliana.org\/wp-content\/uploads\/2025\/07\/copertina.jpg\" alt=\"couverture\" height=\"513\" width=\"800\" title=\"couverture\" onerror=\"this.style.display='none'\" loading=\"lazy\" \/>\n\t\t\t\t<\/a>\n\t<\/figure>\n\ud835\udfee \ud835\uddf9\ud835\ude02\ud835\uddf4\ud835\uddf9\ud835\uddf6\ud835\uddfc \ud835\udfee\ud835\udfec\ud835\udfee\ud835\udff1 - \ud835\udff4\ud835\udff1\u00b0 \ud835\uddee\ud835\uddfb\ud835\uddfb\ud835\uddf6\ud835\ude03\ud835\uddf2\ud835\uddff\ud835\ude00\ud835\uddee\ud835\uddff\ud835\uddf6\ud835\uddfc \ud835\uddf1\ud835\uddf2\ud835\uddf9\ud835\uddf9'\ud835\uddee\ud835\uddf3\ud835\uddf3\ud835\uddfc\ud835\uddfb\ud835\uddf1\ud835\uddee\ud835\uddfa\ud835\uddf2\ud835\uddfb\ud835\ude01\ud835\uddfc\n<p><a href=\"https:\/\/www.fondazionepaolocresci.it\/\" target=\"_blank\" rel=\"noopener\">ARANDORA STAR. La trag\u00e9die oubli\u00e9e<\/a><\/p>\n<p>Produit en coop\u00e9ration avec la cha\u00eene de t\u00e9l\u00e9vision <a href=\"https:\/\/www.noitv.it\/\" target=\"_blank\" rel=\"noopener\">NoiTv<\/a>,<\/p>\n<p>gr\u00e2ce aux recherches de Maria Serena Balestracci,<\/p>\n<p>r\u00e9alis\u00e9 par Paolo Bertola et racont\u00e9 par Eros Pagni.<\/p>\n<p>&nbsp;<\/p>\n<figure itemscope itemtype=\"https:\/\/schema.org\/ImageObject\">\n\t\t\t\t<a href=\"https:\/\/www.fondazionepaolocresci.it\/video\/italia-addio-non-tornero\/\" target=\"_blank\" rel=\"noopener\" itemprop=\"url\">\n\t\t\t\t<img decoding=\"async\" src=\"https:\/\/www.museoemigrazioneitaliana.org\/wp-content\/uploads\/2023\/05\/7cresci-1.jpg\" alt=\"7cresci\" height=\"400\" width=\"750\" title=\"7cresci\" onerror=\"this.style.display='none'\" loading=\"lazy\" \/>\n\t\t\t\t<\/a>\n\t<\/figure>\n\t<p><a href=\"https:\/\/www.fondazionepaolocresci.it\/video\/italia-addio-non-tornero\/\" target=\"_blank\" rel=\"noopener\">ITALIE AU REVOIR, JE NE REVIENDRAI PAS<\/a><\/p>\n<p>\u00c9dit\u00e9 par Barbara Pavarotti<\/p>\n<p>en collaboration avec Marinella Mazzanti<\/p>\n<p>musique de Massimo Priviero<\/p>\n<p>narrateur Pietro Luigi Biagioni<\/p>\n<p>&nbsp;<\/p>\n<figure itemscope itemtype=\"https:\/\/schema.org\/ImageObject\">\n\t\t\t\t<a href=\"https:\/\/studio.youtube.com\/playlist\/PLMu5z-QAYunnBAQ0WknOYqA3a9ge-PYom\/edit\" target=\"_blank\" rel=\"noopener\" itemprop=\"url\">\n\t\t\t\t<img decoding=\"async\" src=\"https:\/\/www.museoemigrazioneitaliana.org\/wp-content\/uploads\/2024\/03\/IMG-20240305-WA0006.jpg\" alt=\"IMG-20240305-WA0006\" height=\"1083\" width=\"827\" title=\"IMG-20240305-WA0006\" onerror=\"this.style.display='none'\" loading=\"lazy\" \/>\n\t\t\t\t<\/a>\n\t<\/figure>\n\t<p>&nbsp;<\/p>\n<p>Dans l'imaginaire collectif, l'histoire de l'\u00e9migration italienne est souvent li\u00e9e aux longues travers\u00e9es de navires charg\u00e9s d'hommes et de femmes, dont les noms sont souvent inconnus, avec leurs baluchons, pleins d'espoir, de douleur, de fatigue et de courage.<\/p>\n<p>Partir \u00e0 l'\u00e9tranger est souvent un d\u00e9sir, un besoin de conna\u00eetre de nouveaux mondes, cela exprime la volont\u00e9 d'\u00e9largir ses horizons, quel que soit l'auteur de ce voyage.<\/p>\n<p>Reportages vid\u00e9o, <em><strong>Notes de voyage : histoires d'\u00e2mes migrantes,<\/strong><\/em>\u00a0 mettre en lumi\u00e8re quelques histoires de personnes souvent c\u00e9l\u00e8bres, qui ont travers\u00e9 la \"mer\" de l'inconnu, pour suivre leurs r\u00eaves, leurs ambitions, mais aussi par n\u00e9cessit\u00e9.<\/p>\n<p>Des personnalit\u00e9s du monde de la litt\u00e9rature, de l'art, de la mode et de la musique, qui ont v\u00e9cu des exp\u00e9riences significatives \u00e0 l'\u00e9tranger, laissant une empreinte dans leur vie et dans l'histoire de la culture italienne.<\/p>\n<p>Pour les conna\u00eetre et ne pas perdre leur m\u00e9moire, Luca Scarlini ouvre les \"carnets\" de nombreux artistes pour nous accompagner dans un \"ailleurs\" o\u00f9 s'est souvent jou\u00e9 leur destin.<\/p>\n<p>Premi\u00e8re tranche : <a href=\"httpshttps:\/\/www.youtube.com\/watch?v=Bj1jNmbAnWY&amp;t=62s\" target=\"_blank\" rel=\"noopener\">FAUSTA CIALENTE <\/a><\/p>\n<p>Deuxi\u00e8me volet :\u00a0<a href=\"https:\/\/www.youtube.com\/watch?v=CWc3egBeFlk\" target=\"_blank\" rel=\"noopener\">LORENZO DA PONTE<\/a><\/p>\n<p>Troisi\u00e8me volet : <a href=\"https:\/\/www.youtube.com\/watch?v=kTdtAPXNDuA&amp;list=PLMu5z-QAYunnBAQ0WknOYqA3a9ge-PYom&amp;index=3\" target=\"_blank\" rel=\"noopener\">MODE ITALIENNE aux \u00c9tats-Unis<\/a><\/p>\n<p>Quatri\u00e8me \u00e9pisode : <a href=\"https:\/\/www.youtube.com\/watch?v=UumUqng0OAM&amp;list=PLMu5z-QAYunnBAQ0WknOYqA3a9ge-PYom&amp;index=4\" target=\"_blank\" rel=\"noopener\">MARIO SOLDATI et l'Am\u00e9rique<\/a><\/p>\n<p>Cinqui\u00e8me \u00e9pisode : <a href=\"https:\/\/www.youtube.com\/watch?v=MoEcxHwArrQ&amp;t=37s\" target=\"_blank\" rel=\"noopener\">INTELLECTUELS en Libye et activit\u00e9 de propagande<\/a><\/p>\n<p>Sixi\u00e8me \u00e9pisode : <a href=\"https:\/\/www.youtube.com\/watch?v=SUp1cGzTwhc&amp;list=PLMu5z-QAYunnBAQ0WknOYqA3a9ge-PYom&amp;index=6\" target=\"_blank\" rel=\"noopener\">GIACOMO PUCCINI<\/a><\/p>\n<p>Septi\u00e8me \u00e9pisode : <a href=\"https:\/\/www.youtube.com\/watch?v=Td-lpQGIJQo&amp;list=PLMu5z-QAYunnBAQ0WknOYqA3a9ge-PYom&amp;index=7\" target=\"_blank\" rel=\"noopener\">ENRICO PEA<\/a><\/p>\n<p>Huiti\u00e8me \u00e9pisode : <a href=\"https:\/\/www.youtube.com\/watch?v=F1sa4jDVZIc&amp;list=PLMu5z-QAYunnBAQ0WknOYqA3a9ge-PYom&amp;index=8\" target=\"_blank\" rel=\"noopener\">DINO BELL<\/a><\/p>\n<p>Neuvi\u00e8me \u00e9pisode :<a href=\"https:\/\/www.youtube.com\/watch?v=zpI1G_nEudk&amp;list=PLMu5z-QAYunnBAQ0WknOYqA3a9ge-PYom&amp;index=9\" target=\"_blank\" rel=\"noopener\"> LES MOD\u00c8LES CIOCIARE<\/a><\/p>\n<p>Dixi\u00e8me \u00e9pisode : <a href=\"https:\/\/www.youtube.com\/watch?v=wFNCGHl4_S4\" target=\"_blank\" rel=\"noopener\">GABRIELE D'ANNUNZIO<\/a><\/p>\n<p>Undicesima puntata: <a href=\"https:\/\/www.youtube.com\/watch?v=pm85ePWQ5cY&amp;t=35s\" target=\"_blank\" rel=\"noopener\">L&#8217;opera AIDA al Cairo<\/a><\/p>\n<p>Dodicesima puntata: <a href=\"https:\/\/www.youtube.com\/watch?v=DQdKdJRK6yU&amp;list=PLMu5z-QAYunnBAQ0WknOYqA3a9ge-PYom&amp;index=12\" target=\"_blank\" rel=\"noopener\">EMANUEL CARNEVALI<\/a><\/p>\n<p>Tredicesima puntata: <a href=\"https:\/\/www.youtube.com\/watch?v=4L5KH72Ssf4&amp;list=PLMu5z-QAYunnBAQ0WknOYqA3a9ge-PYom&amp;index=13\" target=\"_blank\" rel=\"noopener\">GIOVANNI PAPINI<\/a><\/p>\n\t<p>Un voyage \u00e0 la rencontre des g\u00e9n\u00e9rations qui, de 1871 \u00e0 nos jours, courb\u00e9es par la mis\u00e8re et fortes de l'espoir, ont cherch\u00e9 ailleurs leur dignit\u00e9.<\/p>\n<p>Il est surprenant, tout \u00e0 coup, de r\u00e9aliser que sur ce navire, qui aura accueilli, au XXe si\u00e8cle, les m\u00eames \u00e9migrants ou migrants affam\u00e9s et pleins d'espoir d'aujourd'hui, le visiteur prend lui aussi la mer :<\/p>\n<p>la travers\u00e9e, l'arriv\u00e9e \u00e0 Ellis Island, puis la vie dans la Petite Italie et d'autres photos et documents de ceux qui ont eu de la chance et de ceux qui n'en ont pas eu, jusqu'\u00e0 aujourd'hui,<\/p>\n<p>avec la rencontre d'autres visages d'hommes, de femmes, de vieillards et d'enfants de toutes les races, des \u00eatres humains qui, aujourd'hui encore, vous demandent de ne pas regarder seulement avec vos yeux.<\/p>\n<figure itemscope itemtype=\"https:\/\/schema.org\/ImageObject\">\n\t\t\t\t<a href=\"https:\/\/www.museoemigrazioneitaliana.org\/fr\/dans-le-sillage-dune-helice\/\" target=\"_self\" itemprop=\"url\">\n\t\t\t\t<img decoding=\"async\" src=\"https:\/\/www.museoemigrazioneitaliana.org\/wp-content\/uploads\/2020\/12\/lungo-la-scia-di.un-elica-768x423.png\" alt=\"le long de l&#039;axe d&#039;une h\u00e9lice\" height=\"423\" width=\"768\" title=\"le long de l&#039;axe d&#039;une h\u00e9lice\" onerror=\"this.style.display='none'\" loading=\"lazy\" \/>\n\t\t\t\t<\/a>\n\t<\/figure>\n\t<p>Un voyage \u00e0 la rencontre des g\u00e9n\u00e9rations qui, de 1871 \u00e0 nos jours, courb\u00e9es par la mis\u00e8re et fortes de l'espoir, ont cherch\u00e9 ailleurs leur dignit\u00e9.<\/p>\n<p>Il est surprenant, tout \u00e0 coup, de r\u00e9aliser que sur ce navire, qui aura accueilli, au XXe si\u00e8cle, les m\u00eames \u00e9migrants ou migrants affam\u00e9s et pleins d'espoir d'aujourd'hui, le visiteur prend lui aussi la mer :<\/p>\n<p>la travers\u00e9e, l'arriv\u00e9e \u00e0 Ellis Island, puis la vie dans la Petite Italie et d'autres photos et documents de ceux qui ont eu de la chance et de ceux qui n'en ont pas eu, jusqu'\u00e0 aujourd'hui,<\/p>\n<p>avec la rencontre d'autres visages d'hommes, de femmes, de vieillards et d'enfants de toutes les races, des \u00eatres humains qui, aujourd'hui encore, vous demandent de ne pas regarder seulement avec vos yeux.<\/p>\n<h2>\n\t\t\tDerni\u00e8res nouvelles\t<\/h2>\n\t\t\t<a href=\"https:\/\/www.museoemigrazioneitaliana.org\/fr\/nouvelles\/\" target=\"_self\">\n\t\t\t\t\t\t\tToutes les nouvelles\n\t\t\t\t\t<\/a>","protected":false},"excerpt":{"rendered":"<p>&#8220;La storia siamo noi&#8221;, tutti noi: indifferenti e partecipi, protagonisti e comparse, ma tutti con la propria &#8220;storia&#8221; da raccontare. Per conoscere, per riflettere sul passato ed anche sul presente, abbiano pensato ad un museo virtuale: trama di vite di ieri e in divenire Ieri come oggi&#8230; oggi come ieri: sull&#8217;oceano o sulla terra per [&hellip;]<\/p>\n","protected":false},"author":1,"featured_media":0,"parent":0,"menu_order":0,"comment_status":"closed","ping_status":"open","template":"","meta":{"_acf_changed":false,"site-sidebar-layout":"default","site-content-layout":"default","ast-site-content-layout":"default","site-content-style":"default","site-sidebar-style":"default","ast-global-header-display":"","ast-banner-title-visibility":"","ast-main-header-display":"","ast-hfb-above-header-display":"","ast-hfb-below-header-display":"","ast-hfb-mobile-header-display":"","site-post-title":"","ast-breadcrumbs-content":"","ast-featured-img":"","footer-sml-layout":"","ast-disable-related-posts":"","theme-transparent-header-meta":"default","adv-header-id-meta":"","stick-header-meta":"","header-above-stick-meta":"","header-main-stick-meta":"","header-below-stick-meta":"","astra-migrate-meta-layouts":"set","ast-page-background-enabled":"default","ast-page-background-meta":{"desktop":{"background-color":"","background-image":"","background-repeat":"repeat","background-position":"center center","background-size":"auto","background-attachment":"scroll","background-type":"","background-media":"","overlay-type":"","overlay-color":"","overlay-opacity":"","overlay-gradient":""},"tablet":{"background-color":"","background-image":"","background-repeat":"repeat","background-position":"center center","background-size":"auto","background-attachment":"scroll","background-type":"","background-media":"","overlay-type":"","overlay-color":"","overlay-opacity":"","overlay-gradient":""},"mobile":{"background-color":"","background-image":"","background-repeat":"repeat","background-position":"center center","background-size":"auto","background-attachment":"scroll","background-type":"","background-media":"","overlay-type":"","overlay-color":"","overlay-opacity":"","overlay-gradient":""}},"ast-content-background-meta":{"desktop":{"background-color":"var(--ast-global-color-5)","background-image":"","background-repeat":"repeat","background-position":"center center","background-size":"auto","background-attachment":"scroll","background-type":"","background-media":"","overlay-type":"","overlay-color":"","overlay-opacity":"","overlay-gradient":""},"tablet":{"background-color":"var(--ast-global-color-5)","background-image":"","background-repeat":"repeat","background-position":"center center","background-size":"auto","background-attachment":"scroll","background-type":"","background-media":"","overlay-type":"","overlay-color":"","overlay-opacity":"","overlay-gradient":""},"mobile":{"background-color":"var(--ast-global-color-5)","background-image":"","background-repeat":"repeat","background-position":"center center","background-size":"auto","background-attachment":"scroll","background-type":"","background-media":"","overlay-type":"","overlay-color":"","overlay-opacity":"","overlay-gradient":""}},"footnotes":""},"class_list":["post-2","page","type-page","status-publish","hentry"],"acf":[],"_links":{"self":[{"href":"https:\/\/www.museoemigrazioneitaliana.org\/fr\/wp-json\/wp\/v2\/pages\/2","targetHints":{"allow":["GET"]}}],"collection":[{"href":"https:\/\/www.museoemigrazioneitaliana.org\/fr\/wp-json\/wp\/v2\/pages"}],"about":[{"href":"https:\/\/www.museoemigrazioneitaliana.org\/fr\/wp-json\/wp\/v2\/types\/page"}],"author":[{"embeddable":true,"href":"https:\/\/www.museoemigrazioneitaliana.org\/fr\/wp-json\/wp\/v2\/users\/1"}],"replies":[{"embeddable":true,"href":"https:\/\/www.museoemigrazioneitaliana.org\/fr\/wp-json\/wp\/v2\/comments?post=2"}],"version-history":[{"count":22,"href":"https:\/\/www.museoemigrazioneitaliana.org\/fr\/wp-json\/wp\/v2\/pages\/2\/revisions"}],"predecessor-version":[{"id":3710,"href":"https:\/\/www.museoemigrazioneitaliana.org\/fr\/wp-json\/wp\/v2\/pages\/2\/revisions\/3710"}],"wp:attachment":[{"href":"https:\/\/www.museoemigrazioneitaliana.org\/fr\/wp-json\/wp\/v2\/media?parent=2"}],"curies":[{"name":"wp","href":"https:\/\/api.w.org\/{rel}","templated":true}]}}