{"id":93,"date":"2020-09-17T15:44:34","date_gmt":"2020-09-17T13:44:34","guid":{"rendered":"https:\/\/mei.ms-dev.it\/?page_id=93"},"modified":"2022-01-30T17:33:03","modified_gmt":"2022-01-30T16:33:03","slug":"le-escribo-esta-carta","status":"publish","type":"page","link":"https:\/\/www.museoemigrazioneitaliana.org\/es\/il-legame-con-litalia\/vi-scrivo-questa-lettera\/","title":{"rendered":"Le escribo esta carta"},"content":{"rendered":"<p>El t\u00edtulo de este cap\u00edtulo es, en cierto modo, provocador porque, entre las im\u00e1genes publicadas, las grandes ausentes son precisamente las cartas. Las cartas, las palabras que recorren el mundo, son el delgado pero fuerte hilo que mantiene unidas las dos partes de una familia dividida por la emigraci\u00f3n. Expresan, no siempre expl\u00edcitamente, el sufrimiento que conlleva el desarraigo del propio mundo, el aislamiento en el que uno se ve sumido y la discriminaci\u00f3n a la que se ve sometido. Al mismo tiempo, hacen que los ojos de los que se han quedado en el pa\u00eds vislumbren las grandes posibilidades que ofrece la tierra de llegada y as\u00ed incitan a otros a marcharse.<\/p>\n<p>Una caracter\u00edstica general de las cartas de los emigrantes es la transposici\u00f3n de la expresi\u00f3n oral a la escrita: se escribe como se habla, con el a\u00f1adido de una ortograf\u00eda dudosa (sobre todo de extranjerismos e italianismos ajenos a la propia herencia ling\u00fc\u00edstica) y una puntuaci\u00f3n improbable.<\/p>\n<p>Pero las \"verdaderas\" cartas son las fotograf\u00edas que el emigrante env\u00eda e intercambia con su familia, sus parientes, sus amigos. As\u00ed que la pregunta es: \u00bfse puede fotografiar la emigraci\u00f3n? Te\u00f3ricamente, para dar cuenta exhaustiva de este fen\u00f3meno habr\u00eda que disponer de un gran n\u00famero de fotograf\u00edas; en realidad, sin embargo, cada fotograf\u00eda cuenta muchas cosas y contiene muchos puntos de reflexi\u00f3n y razonamiento diferentes.<\/p>\n<p>En Ellis Island, ese grupo de personas bien ordenadas en el gran sal\u00f3n de actos y apretujadas, por ilusi\u00f3n fotogr\u00e1fica, por \"barrotes\" que les hacen parecer prisioneros impresiona tanto o m\u00e1s que los datos estad\u00edsticos.<\/p>\n<p>Y en las numerosas fotos tomadas a los emigrantes con el tel\u00f3n de fondo de los centros asistenciales -ya sean cat\u00f3licos o laicos; de la \u00e9poca de la gran emigraci\u00f3n o del \u00e9xodo posterior a la Segunda Guerra Mundial- el patr\u00f3n es siempre el mismo: los hombres aparecen de espaldas, agobiados por el peso de su equipaje, sugiriendo la ayuda, casi el abrazo que se les ofrece.<\/p>\n<p>Cuando el medio fotogr\u00e1fico estuvo al alcance de todos, cada emigrante pudo \"crear\" su propio \u00e1lbum de im\u00e1genes, construyendo y editando sus \"bellas im\u00e1genes\" con todo detalle. Si nos fijamos, por ejemplo, en las personas retratadas cerca de los coches, nos daremos cuenta de que sus manos est\u00e1n bien colocadas: \u00bfno se\u00f1alan quiz\u00e1 inconscientemente el esfuerzo realizado para obtener esos s\u00edmbolos del progreso social y econ\u00f3mico?<\/p>\n<p>Este patrimonio de recuerdos tambi\u00e9n incluye im\u00e1genes menos formales que tienden a sorprender. En estos casos, un poco de exotismo no viene mal, y las personas posan con los trajes tradicionales del pa\u00eds anfitri\u00f3n o adoptan poses desenfadadas: desde posar como hombres de mundo sentados a la mesa de un bar, cargados de vasos y botellas, hasta disfrazarse, con extrema seriedad, de vaqueros y gauchos o fingir que vuelan en globo aerost\u00e1tico.<\/p>\n\t\t\t\t<a href=\"https:\/\/www.museoemigrazioneitaliana.org\/wp-content\/uploads\/2022\/01\/1593-ok.jpg\" data-fancybox=\"images\" title=\"1593 OK\" data-description=\"\" itemprop=\"contentUrl\">\n\t\t\t<img loading=\"lazy\" decoding=\"async\" src=\"https:\/\/www.museoemigrazioneitaliana.org\/wp-content\/uploads\/2022\/01\/1593-ok-768x1008.jpg\" alt=\"\" data-no-lazy=\"1\" itemprop=\"thumbnail\" width=\"768\" height=\"1008\">\n\t\t\t<!-- Overlay Wrapper -->\n\t\t\t <!-- Overlay Wrapper Closed -->\n\t\t\t\t<\/a>\n\t\t\t\t\t\t\t<meta itemprop=\"width\" content=\"768\">\n\t\t\t<meta itemprop=\"height\" content=\"1008\">\n\t\tNueva York, 1909. don Angelo Brocchi en un \"globo aerost\u00e1tico\".\n\t\t\t\t<a href=\"https:\/\/www.museoemigrazioneitaliana.org\/wp-content\/uploads\/2022\/01\/547-ok.jpg\" data-fancybox=\"images\" title=\"547 OK\" data-description=\"\" itemprop=\"contentUrl\">\n\t\t\t<img loading=\"lazy\" decoding=\"async\" src=\"https:\/\/www.museoemigrazioneitaliana.org\/wp-content\/uploads\/2022\/01\/547-ok-768x568.jpg\" alt=\"\" data-no-lazy=\"1\" itemprop=\"thumbnail\" width=\"768\" height=\"568\">\n\t\t\t<!-- Overlay Wrapper -->\n\t\t\t <!-- Overlay Wrapper Closed -->\n\t\t\t\t<\/a>\n\t\t\t\t\t\t\t<meta itemprop=\"width\" content=\"768\">\n\t\t\t<meta itemprop=\"height\" content=\"568\">\n\t\tBrasil, Sao Paulo. Ambrogio Puliti con su familia\n\t\t\t\t<a href=\"https:\/\/www.museoemigrazioneitaliana.org\/wp-content\/uploads\/2022\/01\/1147-ok.jpg\" data-fancybox=\"images\" title=\"1147 OK\" data-description=\"\" itemprop=\"contentUrl\">\n\t\t\t<img loading=\"lazy\" decoding=\"async\" src=\"https:\/\/www.museoemigrazioneitaliana.org\/wp-content\/uploads\/2022\/01\/1147-ok-768x1221.jpg\" alt=\"\" data-no-lazy=\"1\" itemprop=\"thumbnail\" width=\"768\" height=\"1221\">\n\t\t\t<!-- Overlay Wrapper -->\n\t\t\t <!-- Overlay Wrapper Closed -->\n\t\t\t\t<\/a>\n\t\t\t\t\t\t\t<meta itemprop=\"width\" content=\"768\">\n\t\t\t<meta itemprop=\"height\" content=\"1221\">\n\t\tCanad\u00e1, Ontario, Toronto, 1904. Emilio Massonieri: vaquero \n\t\t\t\t\t<ul id=\"menu-il-legame-con-litalia\"><li id=\"menu-item-417\"><a href=\"https:\/\/www.museoemigrazioneitaliana.org\/es\/el-vinculo-con-italia\/\">El v\u00ednculo con Italia<\/a>\n<ul>\n\t<li id=\"menu-item-423\"><a href=\"https:\/\/www.museoemigrazioneitaliana.org\/es\/el-vinculo-con-italia\/le-escribo-esta-carta\/\">Le escribo esta carta<\/a><\/li>\n\t<li id=\"menu-item-420\"><a href=\"https:\/\/www.museoemigrazioneitaliana.org\/es\/el-vinculo-con-italia\/toda-mi-vida\/\">Toda mi vida<\/a><\/li>\n\t<li id=\"menu-item-419\"><a href=\"https:\/\/www.museoemigrazioneitaliana.org\/es\/el-vinculo-con-italia\/santos-y-procesiones\/\">Santos y procesiones<\/a><\/li>\n\t<li id=\"menu-item-418\"><a href=\"https:\/\/www.museoemigrazioneitaliana.org\/es\/el-vinculo-con-italia\/por-la-patria\/\">Por la patria<\/a><\/li>\n<\/ul>\n<\/li>\n<\/ul>","protected":false},"excerpt":{"rendered":"<p>Il titolo di questo capitolo \u00e8, in un certo senso, provocatorio perch\u00e9, fra le immagini pubblicate, le grandi assenti sono proprio le lettere. Le lettere, le parole che viaggiano per il mondo, sono il filo sottile ma resistente che tiene unite le due parti di una famiglia divisa dall&#8217;emigrazione. Esprimono, non sempre esplicitamente, le sofferenze [&hellip;]<\/p>\n","protected":false},"author":1,"featured_media":0,"parent":91,"menu_order":0,"comment_status":"closed","ping_status":"open","template":"","meta":{"_acf_changed":false,"site-sidebar-layout":"default","site-content-layout":"default","ast-site-content-layout":"default","site-content-style":"default","site-sidebar-style":"default","ast-global-header-display":"","ast-banner-title-visibility":"","ast-main-header-display":"","ast-hfb-above-header-display":"","ast-hfb-below-header-display":"","ast-hfb-mobile-header-display":"","site-post-title":"","ast-breadcrumbs-content":"","ast-featured-img":"","footer-sml-layout":"","ast-disable-related-posts":"","theme-transparent-header-meta":"default","adv-header-id-meta":"","stick-header-meta":"","header-above-stick-meta":"","header-main-stick-meta":"","header-below-stick-meta":"","astra-migrate-meta-layouts":"default","ast-page-background-enabled":"default","ast-page-background-meta":{"desktop":{"background-color":"","background-image":"","background-repeat":"repeat","background-position":"center center","background-size":"auto","background-attachment":"scroll","background-type":"","background-media":"","overlay-type":"","overlay-color":"","overlay-opacity":"","overlay-gradient":""},"tablet":{"background-color":"","background-image":"","background-repeat":"repeat","background-position":"center center","background-size":"auto","background-attachment":"scroll","background-type":"","background-media":"","overlay-type":"","overlay-color":"","overlay-opacity":"","overlay-gradient":""},"mobile":{"background-color":"","background-image":"","background-repeat":"repeat","background-position":"center center","background-size":"auto","background-attachment":"scroll","background-type":"","background-media":"","overlay-type":"","overlay-color":"","overlay-opacity":"","overlay-gradient":""}},"ast-content-background-meta":{"desktop":{"background-color":"var(--ast-global-color-5)","background-image":"","background-repeat":"repeat","background-position":"center center","background-size":"auto","background-attachment":"scroll","background-type":"","background-media":"","overlay-type":"","overlay-color":"","overlay-opacity":"","overlay-gradient":""},"tablet":{"background-color":"var(--ast-global-color-5)","background-image":"","background-repeat":"repeat","background-position":"center center","background-size":"auto","background-attachment":"scroll","background-type":"","background-media":"","overlay-type":"","overlay-color":"","overlay-opacity":"","overlay-gradient":""},"mobile":{"background-color":"var(--ast-global-color-5)","background-image":"","background-repeat":"repeat","background-position":"center center","background-size":"auto","background-attachment":"scroll","background-type":"","background-media":"","overlay-type":"","overlay-color":"","overlay-opacity":"","overlay-gradient":""}},"footnotes":""},"class_list":["post-93","page","type-page","status-publish","hentry"],"acf":[],"_links":{"self":[{"href":"https:\/\/www.museoemigrazioneitaliana.org\/es\/wp-json\/wp\/v2\/pages\/93","targetHints":{"allow":["GET"]}}],"collection":[{"href":"https:\/\/www.museoemigrazioneitaliana.org\/es\/wp-json\/wp\/v2\/pages"}],"about":[{"href":"https:\/\/www.museoemigrazioneitaliana.org\/es\/wp-json\/wp\/v2\/types\/page"}],"author":[{"embeddable":true,"href":"https:\/\/www.museoemigrazioneitaliana.org\/es\/wp-json\/wp\/v2\/users\/1"}],"replies":[{"embeddable":true,"href":"https:\/\/www.museoemigrazioneitaliana.org\/es\/wp-json\/wp\/v2\/comments?post=93"}],"version-history":[{"count":2,"href":"https:\/\/www.museoemigrazioneitaliana.org\/es\/wp-json\/wp\/v2\/pages\/93\/revisions"}],"predecessor-version":[{"id":2199,"href":"https:\/\/www.museoemigrazioneitaliana.org\/es\/wp-json\/wp\/v2\/pages\/93\/revisions\/2199"}],"up":[{"embeddable":true,"href":"https:\/\/www.museoemigrazioneitaliana.org\/es\/wp-json\/wp\/v2\/pages\/91"}],"wp:attachment":[{"href":"https:\/\/www.museoemigrazioneitaliana.org\/es\/wp-json\/wp\/v2\/media?parent=93"}],"curies":[{"name":"wp","href":"https:\/\/api.w.org\/{rel}","templated":true}]}}