{"id":57,"date":"2020-09-17T15:38:10","date_gmt":"2020-09-17T13:38:10","guid":{"rendered":"https:\/\/mei.ms-dev.it\/?page_id=57"},"modified":"2022-03-10T10:49:20","modified_gmt":"2022-03-10T09:49:20","slug":"centros-de-atencion","status":"publish","type":"page","link":"https:\/\/www.museoemigrazioneitaliana.org\/es\/il-viaggio\/le-strutture-di-assistenza\/","title":{"rendered":"Centros de asistencia"},"content":{"rendered":"<p>En el para\u00edso terrenal prometido por los \"Gu\u00edas\" las cosas eran realmente diferentes. Poco despu\u00e9s de su llegada, los inmigrantes empezaron a darse cuenta de que hab\u00edan llegado a Am\u00e9rica tal como era y no como hab\u00edan so\u00f1ado que ser\u00eda. Las im\u00e1genes del para\u00edso terrenal con las que hab\u00edan llenado sus ojos y sus mentes apenas se correspond\u00edan con los pesados tr\u00e1mites burocr\u00e1ticos a los que se ve\u00edan sometidos y, al menos en Estados Unidos, muchos eran los rechazados especialmente por padecer enfermedades incapacitantes.<\/p>\n<p>Los que eran admitidos en el pa\u00eds eran tratados, y regateados, como en una feria de ganado o en un mercado de esclavos. Adem\u00e1s, con el tiempo se promulgaron diversas medidas para restringir el alcance de los flujos migratorios. As\u00ed, adem\u00e1s de aplicar constantemente estrictas normas sanitarias durante el periodo de cuarentena en Ellis Island, en 1917 pusieron en marcha la Prueba de Alfabetizaci\u00f3n, tras veinte a\u00f1os de \"amenazas\" en este sentido, y, mediante el control del analfabetismo, impusieron un freno eficaz a la inmigraci\u00f3n. Posteriormente, a principios de los a\u00f1os veinte, se establecieron por ley \"cuotas\" de acceso. En la pr\u00e1ctica, las autoridades competentes determinaban anualmente el n\u00famero de inmigrantes que cada nacionalidad pod\u00eda entrar en el pa\u00eds a lo largo de un a\u00f1o.<\/p>\n<p>En Argentina y Brasil, pa\u00edses que acogieron grandes masas de emigrantes italianos, el desembarco tampoco fue f\u00e1cil. Desde el barco se llegaba a tierra firme tras transbordar en botes y pateras (en Argentina el \u00faltimo tramo de agua se cruzaba en carros tirados por caballos mientras que en Brasil, desde el puerto de Santos, se llegaba a San Paolo en tren).<\/p>\n<p>Una vez en tierra firme, la gente era alojada en lo que podr\u00eda describirse como instalaciones de contenci\u00f3n: el Hotel y la Hospedaria de Inmigrantes.<\/p>\n<p>Los gobiernos de ambos pa\u00edses ofrecieron informaci\u00f3n general sobre las costumbres y tradiciones locales, as\u00ed como la ayuda de las oficinas de empleo, que, sin embargo, funcionaban sin ning\u00fan tipo de selecci\u00f3n de los reci\u00e9n llegados en funci\u00f3n de sus aptitudes laborales.<\/p>\n<p>En realidad, el punto fuerte del emigrante era la \"cadena migratoria\", la red de parientes, amigos, compatriotas que, habiendo vivido ya la experiencia del \u00e9xodo, le guiaban en cada etapa de la expatriaci\u00f3n y le facilitaban la integraci\u00f3n en el pa\u00eds de destino.<\/p>\n\t\t\t\t\t<ul id=\"menu-il-viaggio\"><li id=\"menu-item-398\"><a href=\"https:\/\/www.museoemigrazioneitaliana.org\/es\/el-viaje\/\">El viaje<\/a>\n<ul>\n\t<li id=\"menu-item-399\"><a href=\"https:\/\/www.museoemigrazioneitaliana.org\/es\/el-viaje\/a-la-espera-de-la-salida\/\">A la espera de la salida<\/a><\/li>\n\t<li id=\"menu-item-401\"><a href=\"https:\/\/www.museoemigrazioneitaliana.org\/es\/el-viaje\/en-tren\/\">En tren<\/a><\/li>\n\t<li id=\"menu-item-400\"><a href=\"https:\/\/www.museoemigrazioneitaliana.org\/es\/el-viaje\/por-barco\/\">Por barco<\/a><\/li>\n\t<li id=\"menu-item-402\"><a href=\"https:\/\/www.museoemigrazioneitaliana.org\/es\/el-viaje\/centros-de-atencion\/\">Centros de asistencia<\/a><\/li>\n<\/ul>\n<\/li>\n<\/ul>","protected":false},"excerpt":{"rendered":"<p>Nel paradiso terrestre promesso dalle &#8220;Guide&#8221; le cose, in realt\u00e0, stavano diversamente. Subito dopo l&#8217;arrivo gli immigrati cominciavano a rendersi conto di essere giunti nell&#8217;America com&#8217;era e non come l&#8217;avevano sognata. Le immagini da paradiso terrestre di cui si erano riempiti gli occhi e la mente trovavano scarso riscontro nelle pesanti formalit\u00e0 burocratiche cui venivano [&hellip;]<\/p>\n","protected":false},"author":1,"featured_media":0,"parent":53,"menu_order":0,"comment_status":"closed","ping_status":"open","template":"","meta":{"_acf_changed":false,"site-sidebar-layout":"default","site-content-layout":"default","ast-site-content-layout":"default","site-content-style":"default","site-sidebar-style":"default","ast-global-header-display":"","ast-banner-title-visibility":"","ast-main-header-display":"","ast-hfb-above-header-display":"","ast-hfb-below-header-display":"","ast-hfb-mobile-header-display":"","site-post-title":"","ast-breadcrumbs-content":"","ast-featured-img":"","footer-sml-layout":"","ast-disable-related-posts":"","theme-transparent-header-meta":"default","adv-header-id-meta":"","stick-header-meta":"","header-above-stick-meta":"","header-main-stick-meta":"","header-below-stick-meta":"","astra-migrate-meta-layouts":"default","ast-page-background-enabled":"default","ast-page-background-meta":{"desktop":{"background-color":"","background-image":"","background-repeat":"repeat","background-position":"center center","background-size":"auto","background-attachment":"scroll","background-type":"","background-media":"","overlay-type":"","overlay-color":"","overlay-opacity":"","overlay-gradient":""},"tablet":{"background-color":"","background-image":"","background-repeat":"repeat","background-position":"center center","background-size":"auto","background-attachment":"scroll","background-type":"","background-media":"","overlay-type":"","overlay-color":"","overlay-opacity":"","overlay-gradient":""},"mobile":{"background-color":"","background-image":"","background-repeat":"repeat","background-position":"center center","background-size":"auto","background-attachment":"scroll","background-type":"","background-media":"","overlay-type":"","overlay-color":"","overlay-opacity":"","overlay-gradient":""}},"ast-content-background-meta":{"desktop":{"background-color":"var(--ast-global-color-5)","background-image":"","background-repeat":"repeat","background-position":"center center","background-size":"auto","background-attachment":"scroll","background-type":"","background-media":"","overlay-type":"","overlay-color":"","overlay-opacity":"","overlay-gradient":""},"tablet":{"background-color":"var(--ast-global-color-5)","background-image":"","background-repeat":"repeat","background-position":"center center","background-size":"auto","background-attachment":"scroll","background-type":"","background-media":"","overlay-type":"","overlay-color":"","overlay-opacity":"","overlay-gradient":""},"mobile":{"background-color":"var(--ast-global-color-5)","background-image":"","background-repeat":"repeat","background-position":"center center","background-size":"auto","background-attachment":"scroll","background-type":"","background-media":"","overlay-type":"","overlay-color":"","overlay-opacity":"","overlay-gradient":""}},"footnotes":""},"class_list":["post-57","page","type-page","status-publish","hentry"],"acf":[],"_links":{"self":[{"href":"https:\/\/www.museoemigrazioneitaliana.org\/es\/wp-json\/wp\/v2\/pages\/57","targetHints":{"allow":["GET"]}}],"collection":[{"href":"https:\/\/www.museoemigrazioneitaliana.org\/es\/wp-json\/wp\/v2\/pages"}],"about":[{"href":"https:\/\/www.museoemigrazioneitaliana.org\/es\/wp-json\/wp\/v2\/types\/page"}],"author":[{"embeddable":true,"href":"https:\/\/www.museoemigrazioneitaliana.org\/es\/wp-json\/wp\/v2\/users\/1"}],"replies":[{"embeddable":true,"href":"https:\/\/www.museoemigrazioneitaliana.org\/es\/wp-json\/wp\/v2\/comments?post=57"}],"version-history":[{"count":2,"href":"https:\/\/www.museoemigrazioneitaliana.org\/es\/wp-json\/wp\/v2\/pages\/57\/revisions"}],"predecessor-version":[{"id":3170,"href":"https:\/\/www.museoemigrazioneitaliana.org\/es\/wp-json\/wp\/v2\/pages\/57\/revisions\/3170"}],"up":[{"embeddable":true,"href":"https:\/\/www.museoemigrazioneitaliana.org\/es\/wp-json\/wp\/v2\/pages\/53"}],"wp:attachment":[{"href":"https:\/\/www.museoemigrazioneitaliana.org\/es\/wp-json\/wp\/v2\/media?parent=57"}],"curies":[{"name":"wp","href":"https:\/\/api.w.org\/{rel}","templated":true}]}}