{"id":53,"date":"2020-09-17T15:36:53","date_gmt":"2020-09-17T13:36:53","guid":{"rendered":"https:\/\/mei.ms-dev.it\/?page_id=53"},"modified":"2023-06-09T21:43:36","modified_gmt":"2023-06-09T19:43:36","slug":"el-viaje","status":"publish","type":"page","link":"https:\/\/www.museoemigrazioneitaliana.org\/es\/il-viaggio\/","title":{"rendered":"El viaje"},"content":{"rendered":"El viaje -es decir, el tiempo que se tarda en llegar al pa\u00eds de destino- es el elemento simb\u00f3lico de todo el proceso migratorio, del desprendimiento de un \"antes\" -conocido y querido, aunque insatisfactorio- para llegar a un \"despu\u00e9s\" -sin duda atractivo, pero casi completamente desconocido-. Es un momento tan dif\u00edcil de vivir como los puntos de inflexi\u00f3n en la vida de cualquier persona.<br>\nSalimos a pie, en tren, en lentos barcos de vapor o r\u00e1pidos transatl\u00e1nticos y, por \u00faltimo, en avi\u00f3n.<br>\nProcede principalmente de unos pocos puertos italianos. Es G\u00e9nova la que gestiona el mayor tr\u00e1fico migratorio desde la \u00e9poca anterior a la unificaci\u00f3n. M\u00e1s tarde, con la meridionalizaci\u00f3n del flujo y la elecci\u00f3n preferente de Norteam\u00e9rica, fue N\u00e1poles la que tuvo la primac\u00eda de las salidas. A gran distancia le siguieron Palermo y, tras el final de la Primera Guerra Mundial, Trieste. En cuanto a las salidas desde el extranjero, el puerto franc\u00e9s de Le Havre ocupaba el primer lugar.\n\t<iframe loading=\"lazy\" title=\"EL VIAJE - Emigraci\u00f3n italiana\" width=\"500\" height=\"281\" src=\"https:\/\/www.youtube.com\/embed\/xbSt_cZw4d4?feature=oembed\" frameborder=\"0\" allow=\"accelerometer; autoplay; clipboard-write; encrypted-media; gyroscope; picture-in-picture\" allowfullscreen=\"\"><\/iframe>\n\t\t\t\t\t<ul id=\"menu-il-viaggio\"><li id=\"menu-item-398\"><a href=\"https:\/\/www.museoemigrazioneitaliana.org\/es\/el-viaje\/\">El viaje<\/a>\n<ul>\n\t<li id=\"menu-item-399\"><a href=\"https:\/\/www.museoemigrazioneitaliana.org\/es\/el-viaje\/a-la-espera-de-la-salida\/\">A la espera de la salida<\/a><\/li>\n\t<li id=\"menu-item-401\"><a href=\"https:\/\/www.museoemigrazioneitaliana.org\/es\/el-viaje\/en-tren\/\">En tren<\/a><\/li>\n\t<li id=\"menu-item-400\"><a href=\"https:\/\/www.museoemigrazioneitaliana.org\/es\/el-viaje\/por-barco\/\">Por barco<\/a><\/li>\n\t<li id=\"menu-item-402\"><a href=\"https:\/\/www.museoemigrazioneitaliana.org\/es\/el-viaje\/centros-de-atencion\/\">Centros de asistencia<\/a><\/li>\n<\/ul>\n<\/li>\n<\/ul>","protected":false},"excerpt":{"rendered":"<p>Il viaggio &#8211; il tempo cio\u00e8 che si impiega per raggiungere il paese di destinazione &#8211; \u00e8 l&#8217;elemento simbolo di tutto il processo migratorio, del distacco da un &#8220;prima&#8221; &#8211; conosciuto e amato, bench\u00e9 insoddisfacente &#8211; per raggiungere un &#8220;dopo&#8221; &#8211; sicuramente attraente ma quasi del tutto ignoto. E&#8217; un tempo difficile da vivere come [&hellip;]<\/p>\n","protected":false},"author":1,"featured_media":0,"parent":0,"menu_order":0,"comment_status":"closed","ping_status":"open","template":"","meta":{"_acf_changed":false,"site-sidebar-layout":"default","site-content-layout":"default","ast-site-content-layout":"default","site-content-style":"default","site-sidebar-style":"default","ast-global-header-display":"","ast-banner-title-visibility":"","ast-main-header-display":"","ast-hfb-above-header-display":"","ast-hfb-below-header-display":"","ast-hfb-mobile-header-display":"","site-post-title":"","ast-breadcrumbs-content":"","ast-featured-img":"","footer-sml-layout":"","ast-disable-related-posts":"","theme-transparent-header-meta":"default","adv-header-id-meta":"","stick-header-meta":"","header-above-stick-meta":"","header-main-stick-meta":"","header-below-stick-meta":"","astra-migrate-meta-layouts":"default","ast-page-background-enabled":"default","ast-page-background-meta":{"desktop":{"background-color":"","background-image":"","background-repeat":"repeat","background-position":"center center","background-size":"auto","background-attachment":"scroll","background-type":"","background-media":"","overlay-type":"","overlay-color":"","overlay-opacity":"","overlay-gradient":""},"tablet":{"background-color":"","background-image":"","background-repeat":"repeat","background-position":"center center","background-size":"auto","background-attachment":"scroll","background-type":"","background-media":"","overlay-type":"","overlay-color":"","overlay-opacity":"","overlay-gradient":""},"mobile":{"background-color":"","background-image":"","background-repeat":"repeat","background-position":"center center","background-size":"auto","background-attachment":"scroll","background-type":"","background-media":"","overlay-type":"","overlay-color":"","overlay-opacity":"","overlay-gradient":""}},"ast-content-background-meta":{"desktop":{"background-color":"var(--ast-global-color-5)","background-image":"","background-repeat":"repeat","background-position":"center center","background-size":"auto","background-attachment":"scroll","background-type":"","background-media":"","overlay-type":"","overlay-color":"","overlay-opacity":"","overlay-gradient":""},"tablet":{"background-color":"var(--ast-global-color-5)","background-image":"","background-repeat":"repeat","background-position":"center center","background-size":"auto","background-attachment":"scroll","background-type":"","background-media":"","overlay-type":"","overlay-color":"","overlay-opacity":"","overlay-gradient":""},"mobile":{"background-color":"var(--ast-global-color-5)","background-image":"","background-repeat":"repeat","background-position":"center center","background-size":"auto","background-attachment":"scroll","background-type":"","background-media":"","overlay-type":"","overlay-color":"","overlay-opacity":"","overlay-gradient":""}},"footnotes":""},"class_list":["post-53","page","type-page","status-publish","hentry"],"acf":[],"_links":{"self":[{"href":"https:\/\/www.museoemigrazioneitaliana.org\/es\/wp-json\/wp\/v2\/pages\/53","targetHints":{"allow":["GET"]}}],"collection":[{"href":"https:\/\/www.museoemigrazioneitaliana.org\/es\/wp-json\/wp\/v2\/pages"}],"about":[{"href":"https:\/\/www.museoemigrazioneitaliana.org\/es\/wp-json\/wp\/v2\/types\/page"}],"author":[{"embeddable":true,"href":"https:\/\/www.museoemigrazioneitaliana.org\/es\/wp-json\/wp\/v2\/users\/1"}],"replies":[{"embeddable":true,"href":"https:\/\/www.museoemigrazioneitaliana.org\/es\/wp-json\/wp\/v2\/comments?post=53"}],"version-history":[{"count":2,"href":"https:\/\/www.museoemigrazioneitaliana.org\/es\/wp-json\/wp\/v2\/pages\/53\/revisions"}],"predecessor-version":[{"id":3463,"href":"https:\/\/www.museoemigrazioneitaliana.org\/es\/wp-json\/wp\/v2\/pages\/53\/revisions\/3463"}],"wp:attachment":[{"href":"https:\/\/www.museoemigrazioneitaliana.org\/es\/wp-json\/wp\/v2\/media?parent=53"}],"curies":[{"name":"wp","href":"https:\/\/api.w.org\/{rel}","templated":true}]}}