{"id":2,"date":"2019-12-04T10:38:55","date_gmt":"2019-12-04T10:38:55","guid":{"rendered":"https:\/\/astrastart.devsrvr.net\/?page_id=2"},"modified":"2026-03-05T13:46:47","modified_gmt":"2026-03-05T12:46:47","slug":"pagina-de-muestra","status":"publish","type":"page","link":"https:\/\/www.museoemigrazioneitaliana.org\/es\/","title":{"rendered":"P\u00e1gina de inicio"},"content":{"rendered":"\"La Historia somos nosotros\", todos nosotros:<br \/>\nindiferentes y participantes, protagonistas y figurantes,<br \/>\npero todos con su propia \"historia\" que contar.<br \/>\nAprender, reflexionar sobre el pasado y tambi\u00e9n sobre el presente,<br \/>\nhan pensado en un museo virtual:<br \/>\ntrama de las vidas de ayer y en ciernes\n\t\t<meta itemprop=\"url\" content=\"https:\/\/www.museoemigrazioneitaliana.org\/wp-content\/uploads\/2023\/01\/Foto_animata_opt.mp4\" \/><div style=\"width: 640px;\" class=\"wp-video\"><video muted class=\"wp-video-shortcode\" id=\"video-2-1\" width=\"640\" height=\"360\" loop autoplay preload=\"metadata\" controls=\"controls\"><source type=\"video\/mp4\" src=\"https:\/\/www.museoemigrazioneitaliana.org\/wp-content\/uploads\/2023\/01\/Foto_animata_opt.mp4?_=1\" \/><source type=\"video\/mp4\" src=\"https:\/\/www.museoemigrazioneitaliana.org\/wp-content\/uploads\/2023\/01\/Foto_animata_opt.mp4?_=1\" \/><a href=\"https:\/\/www.museoemigrazioneitaliana.org\/wp-content\/uploads\/2023\/01\/Foto_animata_opt.mp4\">https:\/\/www.museoemigrazioneitaliana.org\/wp-content\/uploads\/2023\/01\/Foto_animata_opt.mp4<\/a><\/video><\/div>\t\n\t<p>Ayer como hoy... hoy como ayer: en el oc\u00e9ano o en tierra para seguir la llamada de un sue\u00f1o<\/p>\n<figure itemscope itemtype=\"https:\/\/schema.org\/ImageObject\">\n\t\t\t\t<a href=\"https:\/\/www.fondazionepaolocresci.it\/\" target=\"_blank\" rel=\"noopener\" itemprop=\"url\">\n\t\t\t\t<img decoding=\"async\" src=\"https:\/\/www.museoemigrazioneitaliana.org\/wp-content\/uploads\/2025\/07\/copertina.jpg\" alt=\"portada\" height=\"513\" width=\"800\" title=\"portada\" onerror=\"this.style.display='none'\" loading=\"lazy\" \/>\n\t\t\t\t<\/a>\n\t<\/figure>\n\ud835\udfee \ud835\uddf9\ud835\ude02\ud835\uddf4\ud835\uddf9\ud835\uddf6\ud835\uddfc \ud835\udfee\ud835\udfec\ud835\udfee\ud835\udff1 - \ud835\udff4\ud835\udff1\u00b0 \ud835\uddee\ud835\uddfb\ud835\uddfb\ud835\uddf6\ud835\ude03\ud835\uddf2\ud835\uddff\ud835\ude00\ud835\uddee\ud835\uddff\ud835\uddf6\ud835\uddfc \ud835\uddf1\ud835\uddf2\ud835\uddf9\ud835\uddf9'\ud835\uddee\ud835\uddf3\ud835\uddf3\ud835\uddfc\ud835\uddfb\ud835\uddf1\ud835\uddee\ud835\uddfa\ud835\uddf2\ud835\uddfb\ud835\ude01\ud835\uddfc\n<p><a href=\"https:\/\/www.fondazionepaolocresci.it\/\" target=\"_blank\" rel=\"noopener\">ARANDORA STAR. La tragedia olvidada<\/a><\/p>\n<p>Producido en colaboraci\u00f3n con la cadena de televisi\u00f3n <a href=\"https:\/\/www.noitv.it\/\" target=\"_blank\" rel=\"noopener\">NoiTv<\/a>,<\/p>\n<p>gracias a la investigaci\u00f3n de Maria Serena Balestracci,<\/p>\n<p>dirigida por Paolo Bertola y narrada por Eros Pagni.<\/p>\n<p>&nbsp;<\/p>\n<figure itemscope itemtype=\"https:\/\/schema.org\/ImageObject\">\n\t\t\t\t<a href=\"https:\/\/www.fondazionepaolocresci.it\/video\/italia-addio-non-tornero\/\" target=\"_blank\" rel=\"noopener\" itemprop=\"url\">\n\t\t\t\t<img decoding=\"async\" src=\"https:\/\/www.museoemigrazioneitaliana.org\/wp-content\/uploads\/2023\/05\/7cresci-1.jpg\" alt=\"7cresci\" height=\"400\" width=\"750\" title=\"7cresci\" onerror=\"this.style.display='none'\" loading=\"lazy\" \/>\n\t\t\t\t<\/a>\n\t<\/figure>\n\t<p><a href=\"https:\/\/www.fondazionepaolocresci.it\/video\/italia-addio-non-tornero\/\" target=\"_blank\" rel=\"noopener\">ITALIA ADI\u00d3S, NO VOLVER\u00c9<\/a><\/p>\n<p>Editado por Barbara Pavarotti<\/p>\n<p>en colaboraci\u00f3n con Marinella Mazzanti<\/p>\n<p>m\u00fasica de Massimo Priviero<\/p>\n<p>narrador Pietro Luigi Biagioni<\/p>\n<p>&nbsp;<\/p>\n<figure itemscope itemtype=\"https:\/\/schema.org\/ImageObject\">\n\t\t\t\t<a href=\"https:\/\/studio.youtube.com\/playlist\/PLMu5z-QAYunnBAQ0WknOYqA3a9ge-PYom\/edit\" target=\"_blank\" rel=\"noopener\" itemprop=\"url\">\n\t\t\t\t<img decoding=\"async\" src=\"https:\/\/www.museoemigrazioneitaliana.org\/wp-content\/uploads\/2024\/03\/IMG-20240305-WA0006.jpg\" alt=\"IMG-20240305-WA0006\" height=\"1083\" width=\"827\" title=\"IMG-20240305-WA0006\" onerror=\"this.style.display='none'\" loading=\"lazy\" \/>\n\t\t\t\t<\/a>\n\t<\/figure>\n\t<p>&nbsp;<\/p>\n<p>En el imaginario colectivo, la historia de la emigraci\u00f3n italiana suele estar ligada a las largas traves\u00edas oce\u00e1nicas de barcos cargados de hombres y mujeres, cuyos nombres a menudo se desconocen, con sus bultos, llenos de esperanza, dolor, fatiga y coraje.<\/p>\n<p>Salir al extranjero es a menudo un deseo, una necesidad de conocer nuevos mundos, expresa la voluntad de ampliar horizontes, sea quien sea el que emprende este viaje.<\/p>\n<p>Historias en v\u00eddeo, <em><strong>Notas de viaje: historias de almas emigrantes,<\/strong><\/em>\u00a0 destacan algunas de las historias de personajes, a menudo famosos, que han cruzado el \"mar\" de lo desconocido, para seguir sus sue\u00f1os, sus ambiciones, pero tambi\u00e9n por necesidad.<\/p>\n<p>Personalidades del mundo de la literatura, el arte, la moda y la m\u00fasica, que han vivido experiencias significativas en el extranjero, dejando huella en sus vidas y en la historia de la cultura italiana.<\/p>\n<p>Para conocerlos y no perder su memoria, Luca Scarlini abre los \"cuadernos\" de muchos artistas para acompa\u00f1arnos a un \"otro lugar\" donde a menudo se jug\u00f3 su destino.<\/p>\n<p>Primera entrega: <a href=\"httpshttps:\/\/www.youtube.com\/watch?v=Bj1jNmbAnWY&amp;t=62s\" target=\"_blank\" rel=\"noopener\">FAUSTA CIALENTE <\/a><\/p>\n<p>Segunda entrega:\u00a0<a href=\"https:\/\/www.youtube.com\/watch?v=CWc3egBeFlk\" target=\"_blank\" rel=\"noopener\">LORENZO DA PONTE<\/a><\/p>\n<p>Tercera entrega: <a href=\"https:\/\/www.youtube.com\/watch?v=kTdtAPXNDuA&amp;list=PLMu5z-QAYunnBAQ0WknOYqA3a9ge-PYom&amp;index=3\" target=\"_blank\" rel=\"noopener\">MODA ITALIANA en Estados Unidos<\/a><\/p>\n<p>Cuarta entrega: <a href=\"https:\/\/www.youtube.com\/watch?v=UumUqng0OAM&amp;list=PLMu5z-QAYunnBAQ0WknOYqA3a9ge-PYom&amp;index=4\" target=\"_blank\" rel=\"noopener\">MARIO SOLDATI y Am\u00e9rica<\/a><\/p>\n<p>Quinta entrega: <a href=\"https:\/\/www.youtube.com\/watch?v=MoEcxHwArrQ&amp;t=37s\" target=\"_blank\" rel=\"noopener\">INTELECTUALES en Libia y actividad propagand\u00edstica<\/a><\/p>\n<p>Sexta entrega: <a href=\"https:\/\/www.youtube.com\/watch?v=SUp1cGzTwhc&amp;list=PLMu5z-QAYunnBAQ0WknOYqA3a9ge-PYom&amp;index=6\" target=\"_blank\" rel=\"noopener\">GIACOMO PUCCINI<\/a><\/p>\n<p>S\u00e9ptima entrega: <a href=\"https:\/\/www.youtube.com\/watch?v=Td-lpQGIJQo&amp;list=PLMu5z-QAYunnBAQ0WknOYqA3a9ge-PYom&amp;index=7\" target=\"_blank\" rel=\"noopener\">ENRICO PEA<\/a><\/p>\n<p>Octavo episodio: <a href=\"https:\/\/www.youtube.com\/watch?v=F1sa4jDVZIc&amp;list=PLMu5z-QAYunnBAQ0WknOYqA3a9ge-PYom&amp;index=8\" target=\"_blank\" rel=\"noopener\">DINO BELL<\/a><\/p>\n<p>Novena entrega:<a href=\"https:\/\/www.youtube.com\/watch?v=zpI1G_nEudk&amp;list=PLMu5z-QAYunnBAQ0WknOYqA3a9ge-PYom&amp;index=9\" target=\"_blank\" rel=\"noopener\"> LOS MODELOS CIOCIARE<\/a><\/p>\n<p>D\u00e9cima entrega: <a href=\"https:\/\/www.youtube.com\/watch?v=wFNCGHl4_S4\" target=\"_blank\" rel=\"noopener\">GABRIELE D'ANNUNZIO<\/a><\/p>\n<p>Undicesima puntata: <a href=\"https:\/\/www.youtube.com\/watch?v=pm85ePWQ5cY&amp;t=35s\" target=\"_blank\" rel=\"noopener\">L&#8217;opera AIDA al Cairo<\/a><\/p>\n<p>Dodicesima puntata: <a href=\"https:\/\/www.youtube.com\/watch?v=DQdKdJRK6yU&amp;list=PLMu5z-QAYunnBAQ0WknOYqA3a9ge-PYom&amp;index=12\" target=\"_blank\" rel=\"noopener\">EMANUEL CARNEVALI<\/a><\/p>\n<p>Tredicesima puntata: <a href=\"https:\/\/www.youtube.com\/watch?v=4L5KH72Ssf4&amp;list=PLMu5z-QAYunnBAQ0WknOYqA3a9ge-PYom&amp;index=13\" target=\"_blank\" rel=\"noopener\">GIOVANNI PAPINI<\/a><\/p>\n\t<p>Un viaje en el que vivir las generaciones que desde 1871 hasta nuestros d\u00edas, doblegadas por la miseria y fuertes en la esperanza, han buscado su dignidad en otros lugares.<\/p>\n<p>Sorprende, de pronto, darse cuenta de que en ese barco, que habr\u00e1 acogido, en el siglo XX, a los mismos emigrantes hambrientos y esperanzados o a los pueblos migrantes de hoy, zarpa tambi\u00e9n el visitante:<\/p>\n<p>la traves\u00eda, la llegada a Ellis Island, luego la vida en Little Italy y m\u00e1s fotos y documentos de los que tuvieron suerte y los que no, hasta nuestros d\u00edas,<\/p>\n<p>con el encuentro de otros rostros de hombres, mujeres, ancianos y ni\u00f1os de todas las razas, seres humanos que a\u00fan hoy te piden que mires no s\u00f3lo con los ojos.<\/p>\n<figure itemscope itemtype=\"https:\/\/schema.org\/ImageObject\">\n\t\t\t\t<a href=\"https:\/\/www.museoemigrazioneitaliana.org\/es\/en-la-estela-de-una-helice\/\" target=\"_self\" itemprop=\"url\">\n\t\t\t\t<img decoding=\"async\" src=\"https:\/\/www.museoemigrazioneitaliana.org\/wp-content\/uploads\/2020\/12\/lungo-la-scia-di.un-elica-768x423.png\" alt=\"a lo largo de la h\u00e9lice\" height=\"423\" width=\"768\" title=\"a lo largo de la h\u00e9lice\" onerror=\"this.style.display='none'\" loading=\"lazy\" \/>\n\t\t\t\t<\/a>\n\t<\/figure>\n\t<p>Un viaje en el que vivir las generaciones que desde 1871 hasta nuestros d\u00edas, doblegadas por la miseria y fuertes en la esperanza, han buscado su dignidad en otros lugares.<\/p>\n<p>Sorprende, de pronto, darse cuenta de que en ese barco, que habr\u00e1 acogido, en el siglo XX, a los mismos emigrantes hambrientos y esperanzados o a los pueblos migrantes de hoy, zarpa tambi\u00e9n el visitante:<\/p>\n<p>la traves\u00eda, la llegada a Ellis Island, luego la vida en Little Italy y m\u00e1s fotos y documentos de los que tuvieron suerte y los que no, hasta nuestros d\u00edas,<\/p>\n<p>con el encuentro de otros rostros de hombres, mujeres, ancianos y ni\u00f1os de todas las razas, seres humanos que a\u00fan hoy te piden que mires no s\u00f3lo con los ojos.<\/p>\n<h2>\n\t\t\t\u00daltimas noticias\t<\/h2>\n\t\t\t<a href=\"https:\/\/www.museoemigrazioneitaliana.org\/es\/noticias\/\" target=\"_self\">\n\t\t\t\t\t\t\tTodas las noticias\n\t\t\t\t\t<\/a>","protected":false},"excerpt":{"rendered":"<p>&#8220;La storia siamo noi&#8221;, tutti noi: indifferenti e partecipi, protagonisti e comparse, ma tutti con la propria &#8220;storia&#8221; da raccontare. Per conoscere, per riflettere sul passato ed anche sul presente, abbiano pensato ad un museo virtuale: trama di vite di ieri e in divenire Ieri come oggi&#8230; oggi come ieri: sull&#8217;oceano o sulla terra per [&hellip;]<\/p>\n","protected":false},"author":1,"featured_media":0,"parent":0,"menu_order":0,"comment_status":"closed","ping_status":"open","template":"","meta":{"_acf_changed":false,"site-sidebar-layout":"default","site-content-layout":"default","ast-site-content-layout":"default","site-content-style":"default","site-sidebar-style":"default","ast-global-header-display":"","ast-banner-title-visibility":"","ast-main-header-display":"","ast-hfb-above-header-display":"","ast-hfb-below-header-display":"","ast-hfb-mobile-header-display":"","site-post-title":"","ast-breadcrumbs-content":"","ast-featured-img":"","footer-sml-layout":"","ast-disable-related-posts":"","theme-transparent-header-meta":"default","adv-header-id-meta":"","stick-header-meta":"","header-above-stick-meta":"","header-main-stick-meta":"","header-below-stick-meta":"","astra-migrate-meta-layouts":"set","ast-page-background-enabled":"default","ast-page-background-meta":{"desktop":{"background-color":"","background-image":"","background-repeat":"repeat","background-position":"center center","background-size":"auto","background-attachment":"scroll","background-type":"","background-media":"","overlay-type":"","overlay-color":"","overlay-opacity":"","overlay-gradient":""},"tablet":{"background-color":"","background-image":"","background-repeat":"repeat","background-position":"center center","background-size":"auto","background-attachment":"scroll","background-type":"","background-media":"","overlay-type":"","overlay-color":"","overlay-opacity":"","overlay-gradient":""},"mobile":{"background-color":"","background-image":"","background-repeat":"repeat","background-position":"center center","background-size":"auto","background-attachment":"scroll","background-type":"","background-media":"","overlay-type":"","overlay-color":"","overlay-opacity":"","overlay-gradient":""}},"ast-content-background-meta":{"desktop":{"background-color":"var(--ast-global-color-5)","background-image":"","background-repeat":"repeat","background-position":"center center","background-size":"auto","background-attachment":"scroll","background-type":"","background-media":"","overlay-type":"","overlay-color":"","overlay-opacity":"","overlay-gradient":""},"tablet":{"background-color":"var(--ast-global-color-5)","background-image":"","background-repeat":"repeat","background-position":"center center","background-size":"auto","background-attachment":"scroll","background-type":"","background-media":"","overlay-type":"","overlay-color":"","overlay-opacity":"","overlay-gradient":""},"mobile":{"background-color":"var(--ast-global-color-5)","background-image":"","background-repeat":"repeat","background-position":"center center","background-size":"auto","background-attachment":"scroll","background-type":"","background-media":"","overlay-type":"","overlay-color":"","overlay-opacity":"","overlay-gradient":""}},"footnotes":""},"class_list":["post-2","page","type-page","status-publish","hentry"],"acf":[],"_links":{"self":[{"href":"https:\/\/www.museoemigrazioneitaliana.org\/es\/wp-json\/wp\/v2\/pages\/2","targetHints":{"allow":["GET"]}}],"collection":[{"href":"https:\/\/www.museoemigrazioneitaliana.org\/es\/wp-json\/wp\/v2\/pages"}],"about":[{"href":"https:\/\/www.museoemigrazioneitaliana.org\/es\/wp-json\/wp\/v2\/types\/page"}],"author":[{"embeddable":true,"href":"https:\/\/www.museoemigrazioneitaliana.org\/es\/wp-json\/wp\/v2\/users\/1"}],"replies":[{"embeddable":true,"href":"https:\/\/www.museoemigrazioneitaliana.org\/es\/wp-json\/wp\/v2\/comments?post=2"}],"version-history":[{"count":22,"href":"https:\/\/www.museoemigrazioneitaliana.org\/es\/wp-json\/wp\/v2\/pages\/2\/revisions"}],"predecessor-version":[{"id":3710,"href":"https:\/\/www.museoemigrazioneitaliana.org\/es\/wp-json\/wp\/v2\/pages\/2\/revisions\/3710"}],"wp:attachment":[{"href":"https:\/\/www.museoemigrazioneitaliana.org\/es\/wp-json\/wp\/v2\/media?parent=2"}],"curies":[{"name":"wp","href":"https:\/\/api.w.org\/{rel}","templated":true}]}}