{"id":97,"date":"2020-09-17T15:45:03","date_gmt":"2020-09-17T13:45:03","guid":{"rendered":"https:\/\/mei.ms-dev.it\/?page_id=97"},"modified":"2022-03-10T10:43:16","modified_gmt":"2022-03-10T09:43:16","slug":"heilige-und-prozessionen","status":"publish","type":"page","link":"https:\/\/www.museoemigrazioneitaliana.org\/de\/il-legame-con-litalia\/santi-e-processioni\/","title":{"rendered":"Heilige und Prozessionen"},"content":{"rendered":"<p>Zu den gemeinschaftlichen Ritualen, d. h. zu den Ritualen, die zun\u00e4chst die ganze Familie und dann die ganze Gemeinschaft einbeziehen konnten, geh\u00f6rten die religi\u00f6sen Feste, insbesondere neben Weihnachten und Ostern die Feste im Zusammenhang mit den Schutzheiligen.<\/p>\n<p>Die Auswanderer, die durch ihre Teilnahme an ihnen mit dem Rhythmus und dem Leben ihrer Herkunftsgemeinschaft verbunden waren, empfanden die Heiligen als Gef\u00e4hrten, die ihnen ins Exil gefolgt waren und deren \"Anwesenheit\" sie tr\u00f6stete und ihnen half.<\/p>\n<p>Diese \"Volksreligiosit\u00e4t\", die auch heute noch lebendig ist, rief oft die Kritik der kirchlichen Hierarchien hervor, die sich, da sie oft anderen ethnischen Gruppen angeh\u00f6rten, unf\u00e4hig zeigten, eine Kultur zu verstehen, die ihrer Meinung nach an Folklore grenzte.<\/p>\n<p>Religi\u00f6se Riten geh\u00f6rten n\u00e4mlich schon immer zum Gep\u00e4ck der Auswanderer und trugen zur Bewahrung ihrer Identit\u00e4t bei. Und wie wichtig die Religion in den verschiedenen Gemeinschaften italienischer Herkunft war, zeigt die Entwicklung der Gottesh\u00e4user: von der einfachen Holzkapelle \u00fcber die Steinkirche mit wenigen Verzierungen bis hin zu den gro\u00dfen Kirchen mit hoch aufragendem Glockenturm, die nach italienisch inspirierten Baustilen errichtet wurden.<\/p>\n\t\t\t\t\t<ul id=\"menu-il-legame-con-litalia\"><li id=\"menu-item-417\"><a href=\"https:\/\/www.museoemigrazioneitaliana.org\/de\/die-verbindung-mit-italien\/\">Die Verbindung zu Italien<\/a>\n<ul>\n\t<li id=\"menu-item-423\"><a href=\"https:\/\/www.museoemigrazioneitaliana.org\/de\/die-verbindung-mit-italien\/ich-schreibe-diesen-brief-an-sie\/\">Ich schreibe diesen Brief an Sie<\/a><\/li>\n\t<li id=\"menu-item-420\"><a href=\"https:\/\/www.museoemigrazioneitaliana.org\/de\/die-verbindung-mit-italien\/mein-ganzes-leben\/\">Mein ganzes Leben<\/a><\/li>\n\t<li id=\"menu-item-419\"><a href=\"https:\/\/www.museoemigrazioneitaliana.org\/de\/die-verbindung-mit-italien\/heilige-und-prozessionen\/\">Heilige und Prozessionen<\/a><\/li>\n\t<li id=\"menu-item-418\"><a href=\"https:\/\/www.museoemigrazioneitaliana.org\/de\/die-verbindung-mit-italien\/fur-das-heimatland\/\">F\u00fcr das Heimatland<\/a><\/li>\n<\/ul>\n<\/li>\n<\/ul>","protected":false},"excerpt":{"rendered":"<p>Tra i riti comunitari, cio\u00e8 quelli che potevano coinvolgere prima tutta la famiglia e poi l&#8217;intera comunit\u00e0, ci sono le feste religiose; specialmente, oltre a Natale e Pasqua, quelle legate alla celebrazione dei santi patroni. Gli emigrati, attraverso la partecipazione ad esse, si raccordavano ai ritmi e alla vita della comunit\u00e0 d&#8217;origine, sentivano i santi [&hellip;]<\/p>\n","protected":false},"author":1,"featured_media":0,"parent":91,"menu_order":0,"comment_status":"closed","ping_status":"open","template":"","meta":{"_acf_changed":false,"site-sidebar-layout":"default","site-content-layout":"default","ast-site-content-layout":"default","site-content-style":"default","site-sidebar-style":"default","ast-global-header-display":"","ast-banner-title-visibility":"","ast-main-header-display":"","ast-hfb-above-header-display":"","ast-hfb-below-header-display":"","ast-hfb-mobile-header-display":"","site-post-title":"","ast-breadcrumbs-content":"","ast-featured-img":"","footer-sml-layout":"","ast-disable-related-posts":"","theme-transparent-header-meta":"default","adv-header-id-meta":"","stick-header-meta":"","header-above-stick-meta":"","header-main-stick-meta":"","header-below-stick-meta":"","astra-migrate-meta-layouts":"default","ast-page-background-enabled":"default","ast-page-background-meta":{"desktop":{"background-color":"","background-image":"","background-repeat":"repeat","background-position":"center center","background-size":"auto","background-attachment":"scroll","background-type":"","background-media":"","overlay-type":"","overlay-color":"","overlay-opacity":"","overlay-gradient":""},"tablet":{"background-color":"","background-image":"","background-repeat":"repeat","background-position":"center center","background-size":"auto","background-attachment":"scroll","background-type":"","background-media":"","overlay-type":"","overlay-color":"","overlay-opacity":"","overlay-gradient":""},"mobile":{"background-color":"","background-image":"","background-repeat":"repeat","background-position":"center center","background-size":"auto","background-attachment":"scroll","background-type":"","background-media":"","overlay-type":"","overlay-color":"","overlay-opacity":"","overlay-gradient":""}},"ast-content-background-meta":{"desktop":{"background-color":"var(--ast-global-color-5)","background-image":"","background-repeat":"repeat","background-position":"center center","background-size":"auto","background-attachment":"scroll","background-type":"","background-media":"","overlay-type":"","overlay-color":"","overlay-opacity":"","overlay-gradient":""},"tablet":{"background-color":"var(--ast-global-color-5)","background-image":"","background-repeat":"repeat","background-position":"center center","background-size":"auto","background-attachment":"scroll","background-type":"","background-media":"","overlay-type":"","overlay-color":"","overlay-opacity":"","overlay-gradient":""},"mobile":{"background-color":"var(--ast-global-color-5)","background-image":"","background-repeat":"repeat","background-position":"center center","background-size":"auto","background-attachment":"scroll","background-type":"","background-media":"","overlay-type":"","overlay-color":"","overlay-opacity":"","overlay-gradient":""}},"footnotes":""},"class_list":["post-97","page","type-page","status-publish","hentry"],"acf":[],"_links":{"self":[{"href":"https:\/\/www.museoemigrazioneitaliana.org\/de\/wp-json\/wp\/v2\/pages\/97","targetHints":{"allow":["GET"]}}],"collection":[{"href":"https:\/\/www.museoemigrazioneitaliana.org\/de\/wp-json\/wp\/v2\/pages"}],"about":[{"href":"https:\/\/www.museoemigrazioneitaliana.org\/de\/wp-json\/wp\/v2\/types\/page"}],"author":[{"embeddable":true,"href":"https:\/\/www.museoemigrazioneitaliana.org\/de\/wp-json\/wp\/v2\/users\/1"}],"replies":[{"embeddable":true,"href":"https:\/\/www.museoemigrazioneitaliana.org\/de\/wp-json\/wp\/v2\/comments?post=97"}],"version-history":[{"count":2,"href":"https:\/\/www.museoemigrazioneitaliana.org\/de\/wp-json\/wp\/v2\/pages\/97\/revisions"}],"predecessor-version":[{"id":3161,"href":"https:\/\/www.museoemigrazioneitaliana.org\/de\/wp-json\/wp\/v2\/pages\/97\/revisions\/3161"}],"up":[{"embeddable":true,"href":"https:\/\/www.museoemigrazioneitaliana.org\/de\/wp-json\/wp\/v2\/pages\/91"}],"wp:attachment":[{"href":"https:\/\/www.museoemigrazioneitaliana.org\/de\/wp-json\/wp\/v2\/media?parent=97"}],"curies":[{"name":"wp","href":"https:\/\/api.w.org\/{rel}","templated":true}]}}