{"id":45,"date":"2020-09-17T15:35:36","date_gmt":"2020-09-17T13:35:36","guid":{"rendered":"https:\/\/mei.ms-dev.it\/?page_id=45"},"modified":"2022-02-10T21:42:33","modified_gmt":"2022-02-10T20:42:33","slug":"dokumente-zum-verlassen","status":"publish","type":"page","link":"https:\/\/www.museoemigrazioneitaliana.org\/de\/dallitalia-nel-mondo\/i-documenti-per-partire\/","title":{"rendered":"Dokumente f\u00fcr den Austritt"},"content":{"rendered":"<p>Das Verfahren f\u00fcr die Auswanderung umfasste die Beantragung und anschlie\u00dfende Ausstellung eines Reisepasses. Der Auswandererpass war seit Anfang des 20. Jahrhunderts lange Zeit durch einen roten Umschlag gekennzeichnet. Um ihn zu erhalten, musste man einen Antrag beim B\u00fcrgermeister der Wohnsitzgemeinde stellen, der ihn wiederum an das Au\u00dfenministerium weiterleitete und ihm eine Unbedenklichkeitsbescheinigung f\u00fcr die Ausreise beif\u00fcgte. In den Pass eines Mannes mit einer mitreisenden Familie konnten seine Frau und seine Kinder sowie die mit ihm zusammenlebenden Verwandten in aufsteigender Linie eingetragen werden. Wer sich zur Wehrpflicht meldete, brauchte ebenfalls die Genehmigung der Milit\u00e4rbeh\u00f6rden. Nat\u00fcrlich war eine Konzessionsgeb\u00fchr zu entrichten, von der Personen, die gesch\u00e4ftlich ins Ausland reisten, befreit waren.<\/p>\n\t\t\t\t<a\n\t\t\thref=\"https:\/\/www.museoemigrazioneitaliana.org\/wp-content\/uploads\/2020\/09\/documenti03.jpg\"\n\t\t\t\t\t\tdata-fancybox=\"images\" \n\t\t\ttitle=\"Dokumente03\" \n\t\t\t\t\t\tdata-description=\"\" \n\t\t\titemprop=\"contentUrl\">\n\t\t\t<img loading=\"lazy\" decoding=\"async\" src=\"https:\/\/www.museoemigrazioneitaliana.org\/wp-content\/uploads\/2020\/09\/documenti03.jpg\" alt=\"\" data-no-lazy=\"1\" itemprop=\"thumbnail\" width=\"380\" height=\"500\" \/>\n\t\t\t<!-- Overlay Wrapper -->\n\t\t\t <!-- Overlay Wrapper Closed -->\n\t\t\t\t<\/a>\n\t\t\t\t\t\t\t<meta itemprop=\"width\" content=\"380\" \/>\n\t\t\t<meta itemprop=\"height\" content=\"500\" \/>\n\t\t Reisepass von Maria Colarusso, 1896\n\t\t\t\t<a\n\t\t\thref=\"https:\/\/www.museoemigrazioneitaliana.org\/wp-content\/uploads\/2020\/09\/documentipassaporto.jpg\"\n\t\t\t\t\t\tdata-fancybox=\"images\" \n\t\t\ttitle=\"Dokumentenpass\" \n\t\t\t\t\t\tdata-description=\"\" \n\t\t\titemprop=\"contentUrl\">\n\t\t\t<img loading=\"lazy\" decoding=\"async\" src=\"https:\/\/www.museoemigrazioneitaliana.org\/wp-content\/uploads\/2020\/09\/documentipassaporto.jpg\" alt=\"\" data-no-lazy=\"1\" itemprop=\"thumbnail\" width=\"400\" height=\"363\" \/>\n\t\t\t<!-- Overlay Wrapper -->\n\t\t\t <!-- Overlay Wrapper Closed -->\n\t\t\t\t<\/a>\n\t\t\t\t\t\t\t<meta itemprop=\"width\" content=\"400\" \/>\n\t\t\t<meta itemprop=\"height\" content=\"363\" \/>\n\t\tRoter Reisepass f\u00fcr das Ausland\n\t\t\t\t<a\n\t\t\thref=\"https:\/\/www.museoemigrazioneitaliana.org\/wp-content\/uploads\/2020\/09\/documenti02.jpg\"\n\t\t\t\t\t\tdata-fancybox=\"images\" \n\t\t\ttitle=\"Dokumente02\" \n\t\t\t\t\t\tdata-description=\"\" \n\t\t\titemprop=\"contentUrl\">\n\t\t\t<img loading=\"lazy\" decoding=\"async\" src=\"https:\/\/www.museoemigrazioneitaliana.org\/wp-content\/uploads\/2020\/09\/documenti02.jpg\" alt=\"\" data-no-lazy=\"1\" itemprop=\"thumbnail\" width=\"400\" height=\"279\" \/>\n\t\t\t<!-- Overlay Wrapper -->\n\t\t\t <!-- Overlay Wrapper Closed -->\n\t\t\t\t<\/a>\n\t\t\t\t\t\t\t<meta itemprop=\"width\" content=\"400\" \/>\n\t\t\t<meta itemprop=\"height\" content=\"279\" \/>\n\t\t Reisepass, 1920er Jahre\n\t\t\t\t\t<ul id=\"menu-dallitalia-nel-mondo\"><li id=\"menu-item-221\"><a href=\"https:\/\/www.museoemigrazioneitaliana.org\/de\/aus-italien-in-die-welt\/\">Von Italien in die Welt<\/a>\n<ul>\n\t<li id=\"menu-item-224\"><a href=\"https:\/\/www.museoemigrazioneitaliana.org\/de\/aus-italien-in-die-welt\/die-ursachen-der-abreise\/\">Die Ursachen der Abreise<\/a><\/li>\n\t<li id=\"menu-item-223\"><a href=\"https:\/\/www.museoemigrazioneitaliana.org\/de\/aus-italien-in-die-welt\/dokumente-zum-verlassen\/\">Dokumente f\u00fcr den Austritt<\/a><\/li>\n\t<li id=\"menu-item-222\"><a href=\"https:\/\/www.museoemigrazioneitaliana.org\/de\/aus-italien-in-die-welt\/auswanderungshelfer\/\">Auswanderungsbeauftragte<\/a><\/li>\n\t<li id=\"menu-item-225\"><a href=\"https:\/\/www.museoemigrazioneitaliana.org\/de\/aus-italien-in-die-welt\/leitfaden-fur-auswanderer\/\">Leitf\u00e4den f\u00fcr Auswanderer<\/a><\/li>\n\t<li id=\"menu-item-226\"><a href=\"https:\/\/www.museoemigrazioneitaliana.org\/de\/aus-italien-in-die-welt\/fur-lemmigranten\/\">F\u00fcr den Auswanderer<\/a><\/li>\n<\/ul>\n<\/li>\n<\/ul>","protected":false},"excerpt":{"rendered":"<p>La procedura per l&#8217;espatrio prevedeva la richiesta e la successiva concessione del passaporto. Quello per l&#8217;emigrante, dall&#8217;inizio del Novecento, fu per un lungo periodo caratterizzato da una copertina di colore rosso. Per ottenerlo era necessario farne richiesta al sindaco del comune di residenza che, a sua volta, la girava al Ministero degli affari esteri, accompagnandola [&hellip;]<\/p>\n","protected":false},"author":1,"featured_media":0,"parent":40,"menu_order":0,"comment_status":"closed","ping_status":"open","template":"","meta":{"_acf_changed":false,"site-sidebar-layout":"default","site-content-layout":"default","ast-site-content-layout":"default","site-content-style":"default","site-sidebar-style":"default","ast-global-header-display":"","ast-banner-title-visibility":"","ast-main-header-display":"","ast-hfb-above-header-display":"","ast-hfb-below-header-display":"","ast-hfb-mobile-header-display":"","site-post-title":"","ast-breadcrumbs-content":"","ast-featured-img":"","footer-sml-layout":"","ast-disable-related-posts":"","theme-transparent-header-meta":"default","adv-header-id-meta":"","stick-header-meta":"","header-above-stick-meta":"","header-main-stick-meta":"","header-below-stick-meta":"","astra-migrate-meta-layouts":"default","ast-page-background-enabled":"default","ast-page-background-meta":{"desktop":{"background-color":"","background-image":"","background-repeat":"repeat","background-position":"center center","background-size":"auto","background-attachment":"scroll","background-type":"","background-media":"","overlay-type":"","overlay-color":"","overlay-opacity":"","overlay-gradient":""},"tablet":{"background-color":"","background-image":"","background-repeat":"repeat","background-position":"center center","background-size":"auto","background-attachment":"scroll","background-type":"","background-media":"","overlay-type":"","overlay-color":"","overlay-opacity":"","overlay-gradient":""},"mobile":{"background-color":"","background-image":"","background-repeat":"repeat","background-position":"center center","background-size":"auto","background-attachment":"scroll","background-type":"","background-media":"","overlay-type":"","overlay-color":"","overlay-opacity":"","overlay-gradient":""}},"ast-content-background-meta":{"desktop":{"background-color":"var(--ast-global-color-5)","background-image":"","background-repeat":"repeat","background-position":"center center","background-size":"auto","background-attachment":"scroll","background-type":"","background-media":"","overlay-type":"","overlay-color":"","overlay-opacity":"","overlay-gradient":""},"tablet":{"background-color":"var(--ast-global-color-5)","background-image":"","background-repeat":"repeat","background-position":"center center","background-size":"auto","background-attachment":"scroll","background-type":"","background-media":"","overlay-type":"","overlay-color":"","overlay-opacity":"","overlay-gradient":""},"mobile":{"background-color":"var(--ast-global-color-5)","background-image":"","background-repeat":"repeat","background-position":"center center","background-size":"auto","background-attachment":"scroll","background-type":"","background-media":"","overlay-type":"","overlay-color":"","overlay-opacity":"","overlay-gradient":""}},"footnotes":""},"class_list":["post-45","page","type-page","status-publish","hentry"],"acf":[],"_links":{"self":[{"href":"https:\/\/www.museoemigrazioneitaliana.org\/de\/wp-json\/wp\/v2\/pages\/45","targetHints":{"allow":["GET"]}}],"collection":[{"href":"https:\/\/www.museoemigrazioneitaliana.org\/de\/wp-json\/wp\/v2\/pages"}],"about":[{"href":"https:\/\/www.museoemigrazioneitaliana.org\/de\/wp-json\/wp\/v2\/types\/page"}],"author":[{"embeddable":true,"href":"https:\/\/www.museoemigrazioneitaliana.org\/de\/wp-json\/wp\/v2\/users\/1"}],"replies":[{"embeddable":true,"href":"https:\/\/www.museoemigrazioneitaliana.org\/de\/wp-json\/wp\/v2\/comments?post=45"}],"version-history":[{"count":2,"href":"https:\/\/www.museoemigrazioneitaliana.org\/de\/wp-json\/wp\/v2\/pages\/45\/revisions"}],"predecessor-version":[{"id":2517,"href":"https:\/\/www.museoemigrazioneitaliana.org\/de\/wp-json\/wp\/v2\/pages\/45\/revisions\/2517"}],"up":[{"embeddable":true,"href":"https:\/\/www.museoemigrazioneitaliana.org\/de\/wp-json\/wp\/v2\/pages\/40"}],"wp:attachment":[{"href":"https:\/\/www.museoemigrazioneitaliana.org\/de\/wp-json\/wp\/v2\/media?parent=45"}],"curies":[{"name":"wp","href":"https:\/\/api.w.org\/{rel}","templated":true}]}}