{"id":3135,"date":"2022-03-10T09:56:38","date_gmt":"2022-03-10T08:56:38","guid":{"rendered":"https:\/\/mei.ms-dev.it\/?page_id=3135"},"modified":"2022-03-11T02:17:07","modified_gmt":"2022-03-11T01:17:07","slug":"copyright","status":"publish","type":"page","link":"https:\/\/www.museoemigrazioneitaliana.org\/de\/copyright\/","title":{"rendered":"Urheberrecht"},"content":{"rendered":"Die Texte, Fotos, Grafiken, audiovisuellen Materialien und Software auf dieser Website sind durch die geltenden Urheberrechtsgesetze, Patentgesetze und Gesetze \u00fcber geistiges Eigentum gesch\u00fctzt.<br \/>\nDie Marken und Namen von Einrichtungen, Organisationen und Unternehmen, die auf der Website erw\u00e4hnt werden, geh\u00f6ren ihren jeweiligen Eigent\u00fcmern oder Inhabern und k\u00f6nnen durch Patente und\/oder Urheberrechte gesch\u00fctzt sein, die von den zust\u00e4ndigen Beh\u00f6rden erteilt oder eingetragen wurden.\n<h2>Nutzung der Website<\/h2>\nDie Texte auf der Website k\u00f6nnen zu kulturellen und in jedem Fall nichtkommerziellen Zwecken frei verwendet werden, vorausgesetzt, dass die Ursprungsquelle, die Autoren des Textes, wenn vorhanden, wenn angegeben, die Daten der Erstellung und Aktualisierung, wenn angegeben, und die entsprechende URL deutlich zitiert werden.<br \/>\nJedes Objekt auf der Website zum Herunterladen (Downloading), sofern nicht anders angegeben, ist frei und frei verf\u00fcgbar unter der Bedingung, dass es nicht f\u00fcr Gewinn oder zur Erreichung rechtswidriger Zwecke verwendet wird.<br \/>\nDie Fondazione Paolo Cresci per la storia dell'emigrazione italiana kann unter keinen Umst\u00e4nden f\u00fcr Sch\u00e4den jeglicher Art haftbar gemacht werden, die direkt oder indirekt durch den Zugriff auf die Website, durch die Unm\u00f6glichkeit des Zugriffs, durch die Nutzung interaktiver Instrumente oder durch die Nutzung der darin enthaltenen Informationen entstehen.\n<h2>Fehlerberichterstattung<\/h2>\n<p>Fehler, Ungenauigkeiten oder Funktionsst\u00f6rungen k\u00f6nnen an die folgende E-Mail-Adresse gemeldet werden: <a href=\"mailto:info@fondazionepaolocresci.it\">info@fondazionepaolocresci.it<\/a><\/p>\n<h2>Zugang zu externen verlinkten Seiten<\/h2>\n<p>Die Fondazione Paolo Cresci per la storia dell'emigrazione italiana lehnt jede Verantwortung f\u00fcr den Inhalt und den Stand der Aktualisierung der Websites ab, die \u00fcber die Links auf dieser Website erreicht werden k\u00f6nnen.<\/p>\n<h2>Schutz der Privatsph\u00e4re<\/h2>\nDie Fondazione Paolo Cresci per la storia dell'emigrazione italiana garantiert, dass die per E-Mail erhaltenen pers\u00f6nlichen Daten in \u00dcbereinstimmung mit den Bestimmungen der geltenden Datenschutzgesetzgebung (Gesetzesdekret Nr. 196 vom 30. Juni 2003, in Kraft seit 1. Januar 2004 und nachfolgende \u00c4nderungen und Erg\u00e4nzungen) verarbeitet werden.<br \/>\nInsbesondere werden sie nicht an Dritte weitergegeben, sondern ausschlie\u00dflich f\u00fcr Mitteilungen im Zusammenhang mit der Website und ihren Inhalten sowie f\u00fcr die eventuelle Zusendung von Informationen \u00fcber Themen im Zusammenhang mit den Inhalten der Website verwendet.<br \/>\nDie personenbezogenen Daten werden ausschlie\u00dflich zum Zweck der Durchf\u00fchrung der in Artikel 24 des Datenschutzgesetzes genannten T\u00e4tigkeiten verarbeitet, f\u00fcr die die Zustimmung der betroffenen Person nicht erforderlich ist.<br \/>\nDie Rechte der betroffenen Person sind in Artikel 7 des Datenschutzgesetzes ausdr\u00fccklich aufgef\u00fchrt und k\u00f6nnen durch einen formlosen Antrag an den Inhaber oder Verarbeiter der Daten ausge\u00fcbt werden, auch per Einschreiben, Telefax oder E-Mail.","protected":false},"excerpt":{"rendered":"<p>I testi, le fotografie, la grafica, i materiali audiovisivi e il software presenti su questo sito sono protetti ai sensi delle normative vigenti sul diritto d&#8217;autore, sui brevetti e sulla propriet\u00e0 intellettuale. I marchi e le denominazioni di enti, organismi e ditte menzionati nel sito appartengono ai rispettivi proprietari o titolari e possono essere protetti [&hellip;]<\/p>\n","protected":false},"author":1,"featured_media":0,"parent":0,"menu_order":0,"comment_status":"closed","ping_status":"open","template":"","meta":{"_acf_changed":false,"site-sidebar-layout":"default","site-content-layout":"","ast-site-content-layout":"default","site-content-style":"default","site-sidebar-style":"default","ast-global-header-display":"","ast-banner-title-visibility":"","ast-main-header-display":"","ast-hfb-above-header-display":"","ast-hfb-below-header-display":"","ast-hfb-mobile-header-display":"","site-post-title":"","ast-breadcrumbs-content":"","ast-featured-img":"","footer-sml-layout":"","ast-disable-related-posts":"","theme-transparent-header-meta":"","adv-header-id-meta":"","stick-header-meta":"","header-above-stick-meta":"","header-main-stick-meta":"","header-below-stick-meta":"","astra-migrate-meta-layouts":"default","ast-page-background-enabled":"default","ast-page-background-meta":{"desktop":{"background-color":"","background-image":"","background-repeat":"repeat","background-position":"center center","background-size":"auto","background-attachment":"scroll","background-type":"","background-media":"","overlay-type":"","overlay-color":"","overlay-opacity":"","overlay-gradient":""},"tablet":{"background-color":"","background-image":"","background-repeat":"repeat","background-position":"center center","background-size":"auto","background-attachment":"scroll","background-type":"","background-media":"","overlay-type":"","overlay-color":"","overlay-opacity":"","overlay-gradient":""},"mobile":{"background-color":"","background-image":"","background-repeat":"repeat","background-position":"center center","background-size":"auto","background-attachment":"scroll","background-type":"","background-media":"","overlay-type":"","overlay-color":"","overlay-opacity":"","overlay-gradient":""}},"ast-content-background-meta":{"desktop":{"background-color":"var(--ast-global-color-5)","background-image":"","background-repeat":"repeat","background-position":"center center","background-size":"auto","background-attachment":"scroll","background-type":"","background-media":"","overlay-type":"","overlay-color":"","overlay-opacity":"","overlay-gradient":""},"tablet":{"background-color":"var(--ast-global-color-5)","background-image":"","background-repeat":"repeat","background-position":"center center","background-size":"auto","background-attachment":"scroll","background-type":"","background-media":"","overlay-type":"","overlay-color":"","overlay-opacity":"","overlay-gradient":""},"mobile":{"background-color":"var(--ast-global-color-5)","background-image":"","background-repeat":"repeat","background-position":"center center","background-size":"auto","background-attachment":"scroll","background-type":"","background-media":"","overlay-type":"","overlay-color":"","overlay-opacity":"","overlay-gradient":""}},"footnotes":""},"class_list":["post-3135","page","type-page","status-publish","hentry"],"acf":[],"_links":{"self":[{"href":"https:\/\/www.museoemigrazioneitaliana.org\/de\/wp-json\/wp\/v2\/pages\/3135","targetHints":{"allow":["GET"]}}],"collection":[{"href":"https:\/\/www.museoemigrazioneitaliana.org\/de\/wp-json\/wp\/v2\/pages"}],"about":[{"href":"https:\/\/www.museoemigrazioneitaliana.org\/de\/wp-json\/wp\/v2\/types\/page"}],"author":[{"embeddable":true,"href":"https:\/\/www.museoemigrazioneitaliana.org\/de\/wp-json\/wp\/v2\/users\/1"}],"replies":[{"embeddable":true,"href":"https:\/\/www.museoemigrazioneitaliana.org\/de\/wp-json\/wp\/v2\/comments?post=3135"}],"version-history":[{"count":2,"href":"https:\/\/www.museoemigrazioneitaliana.org\/de\/wp-json\/wp\/v2\/pages\/3135\/revisions"}],"predecessor-version":[{"id":3207,"href":"https:\/\/www.museoemigrazioneitaliana.org\/de\/wp-json\/wp\/v2\/pages\/3135\/revisions\/3207"}],"wp:attachment":[{"href":"https:\/\/www.museoemigrazioneitaliana.org\/de\/wp-json\/wp\/v2\/media?parent=3135"}],"curies":[{"name":"wp","href":"https:\/\/api.w.org\/{rel}","templated":true}]}}